{"id":34,"date":"2014-09-18T12:32:18","date_gmt":"2014-09-18T11:32:18","guid":{"rendered":"http:\/\/agora.xtec.cat\/ceellevant\/?page_id=34"},"modified":"2023-02-24T15:34:11","modified_gmt":"2023-02-24T14:34:11","slug":"oferta-educativa","status":"publish","type":"page","link":"https:\/\/agora.xtec.cat\/ceellevant\/lescola\/oferta-educativa\/","title":{"rendered":"Oferta educativa"},"content":{"rendered":"<p><strong>Oferta formativa<\/strong><\/p>\n<p>La nostra escola \u00e9s un centre especialitzat en educaci\u00f3 especial que cobreix les etapes educatives d&#8217;Infantil i Prim\u00e0ria adaptada.<\/p>\n<p>Prestem tamb\u00e9 suport espec\u00edfic per a alumnes d\u2019educaci\u00f3 infantil i prim\u00e0ria matriculats en el centre ordinari i a l\u2019escola d\u2019educaci\u00f3 especial (escolaritat compartida).<\/p>\n<p>&nbsp;<\/p>\n<p><strong>Caracter\u00edstiques del centre<\/strong><\/p>\n<ul>\n<li>Programaci\u00f3 i avaluaci\u00f3 en equip multidisciplinar.<\/li>\n<li>Programaci\u00f3 per compet\u00e8ncies i diversificaci\u00f3 d\u2019itineraris segons necessitats de cada un dels alumnes<\/li>\n<li>Programacions educatives individualitzades i acordades amb l\u2019alumne i\/o la seva fam\u00edlia<\/li>\n<li>Suport espec\u00edfic de logop\u00e8dia: sistemes alternatius i augmentatius de la comunicaci\u00f3 (SAAC)<\/li>\n<li>Suport espec\u00edfic de fisioter\u00e0pia<\/li>\n<li>Col\u00b7laboraci\u00f3 fam\u00edlia-escola amb reunions i entrevistes peri\u00f2diques.<\/li>\n<li>Suport de l\u2019equip de psic\u00f2legs de les escoles d\u2019educaci\u00f3 especial de Badalona<\/li>\n<li>Participaci\u00f3 en activitats comunit\u00e0ries culturals i d\u2019oci: teatre, festes, museus, sortides, celebraci\u00f3 de festes populars<\/li>\n<li>AFA (Associaci\u00f3 de families)<\/li>\n<\/ul>\n","protected":false},"excerpt":{"rendered":"<p>Oferta formativa<br \/>\nLa nostra escola \u00e9s un centre especialitzat en educaci\u00f3 especial que cobreix les etapes educatives d&#8217;Infantil i Prim\u00e0ria adaptada.<br \/>\nPrestem tamb\u00e9 suport espec\u00edfic per a alumnes d\u2019educaci\u00f3 infantil i prim\u00e0ria matriculats en el centre ordinari i a l\u2019escola d\u2019educaci\u00f3 especial (escolaritat compartida).<br \/>\n&nbsp;<br \/>\nCaracter\u00edstiques del centre<\/p>\n<ul>\n<li>Programaci\u00f3 i&hellip;  <a href=\"https:\/\/agora.xtec.cat\/ceellevant\/lescola\/oferta-educativa\/\" title=\"Read Oferta educativa\">Llegeix m\u00e9s\u00bb<\/a><br \/>\n","protected":false},"author":1,"featured_media":0,"parent":22,"menu_order":60,"comment_status":"closed","ping_status":"closed","template":"page-templates\/side-menu.php","meta":{"_bbp_topic_count":0,"_bbp_reply_count":0,"_bbp_total_topic_count":0,"_bbp_total_reply_count":0,"_bbp_voice_count":0,"_bbp_anonymous_reply_count":0,"_bbp_topic_count_hidden":0,"_bbp_reply_count_hidden":0,"_bbp_forum_subforum_count":0,"footnotes":""},"class_list":["post-34","page","type-page","status-publish","hentry"],"post_mailing_queue_ids":[],"_links":{"self":[{"href":"https:\/\/agora.xtec.cat\/ceellevant\/wp-json\/wp\/v2\/pages\/34","targetHints":{"allow":["GET"]}}],"collection":[{"href":"https:\/\/agora.xtec.cat\/ceellevant\/wp-json\/wp\/v2\/pages"}],"about":[{"href":"https:\/\/agora.xtec.cat\/ceellevant\/wp-json\/wp\/v2\/types\/page"}],"author":[{"embeddable":true,"href":"https:\/\/agora.xtec.cat\/ceellevant\/wp-json\/wp\/v2\/users\/1"}],"replies":[{"embeddable":true,"href":"https:\/\/agora.xtec.cat\/ceellevant\/wp-json\/wp\/v2\/comments?post=34"}],"version-history":[{"count":3,"href":"https:\/\/agora.xtec.cat\/ceellevant\/wp-json\/wp\/v2\/pages\/34\/revisions"}],"predecessor-version":[{"id":4790,"href":"https:\/\/agora.xtec.cat\/ceellevant\/wp-json\/wp\/v2\/pages\/34\/revisions\/4790"}],"up":[{"embeddable":true,"href":"https:\/\/agora.xtec.cat\/ceellevant\/wp-json\/wp\/v2\/pages\/22"}],"wp:attachment":[{"href":"https:\/\/agora.xtec.cat\/ceellevant\/wp-json\/wp\/v2\/media?parent=34"}],"curies":[{"name":"wp","href":"https:\/\/api.w.org\/{rel}","templated":true}]}}