{"id":1270,"date":"2017-05-03T11:52:50","date_gmt":"2017-05-03T09:52:50","guid":{"rendered":"http:\/\/agora.xtec.cat\/ceellevant\/?page_id=1270"},"modified":"2025-12-15T12:11:06","modified_gmt":"2025-12-15T11:11:06","slug":"projectes-de-socialitzacio","status":"publish","type":"page","link":"https:\/\/agora.xtec.cat\/ceellevant\/projectes-de-socialitzacio\/","title":{"rendered":"Projectes de socialitzaci\u00f3 i reutilitzaci\u00f3 de llibres i materials did\u00e0ctics"},"content":{"rendered":"<p><a href=\"http:\/\/agora.xtec.cat\/ceellevant\/wp-content\/uploads\/usu999\/2017\/05\/socializacion-infantil3.jpg\"><img loading=\"lazy\" decoding=\"async\" class=\"aligncenter wp-image-1275\" src=\"http:\/\/agora.xtec.cat\/ceellevant\/wp-content\/uploads\/usu999\/2017\/05\/socializacion-infantil3.jpg\" alt=\"\" width=\"186\" height=\"186\" srcset=\"https:\/\/agora.xtec.cat\/ceellevant\/wp-content\/uploads\/usu999\/2017\/05\/socializacion-infantil3.jpg 320w, https:\/\/agora.xtec.cat\/ceellevant\/wp-content\/uploads\/usu999\/2017\/05\/socializacion-infantil3-150x150.jpg 150w, https:\/\/agora.xtec.cat\/ceellevant\/wp-content\/uploads\/usu999\/2017\/05\/socializacion-infantil3-300x300.jpg 300w\" sizes=\"auto, (max-width: 186px) 100vw, 186px\" \/><\/a><\/p>\n<p style=\"text-align: center;\">Aqu\u00ed podeu trobar tots els projectes de socialitzaci\u00f3 que l&#8217;<strong>AMPA<\/strong> de l&#8217;escola ha portat a terme amb el suport de l&#8217;<strong>Ajuntament de Badalona<\/strong>:<\/p>\n<p style=\"text-align: center;\"><a href=\"https:\/\/agora.xtec.cat\/ceellevant\/wp-content\/uploads\/usu999\/2022\/02\/Projecte-Socialitzacio-19.pdf\" target=\"_blank\" rel=\"noopener\">Projecte Socialitzaci\u00f3 2019<\/a><\/p>\n<p style=\"text-align: center;\"><a href=\"https:\/\/agora.xtec.cat\/ceellevant\/wp-content\/uploads\/usu999\/2020\/10\/Proyecte-Socialitzaci\u00f3-20-.pdf\" target=\"_blank\" rel=\"noopener noreferrer\">Projecte Socialitzaci\u00f3 2020<\/a><\/p>\n<p style=\"text-align: center;\"><a href=\"https:\/\/agora.xtec.cat\/ceellevant\/wp-content\/uploads\/usu999\/2022\/02\/Proyecte-Socialitzacio-21.pdf\" target=\"_blank\" rel=\"noopener\">Projecte Socialitzaci\u00f3 2021<\/a><\/p>\n<p style=\"text-align: center;\"><a href=\"https:\/\/agora.xtec.cat\/ceellevant\/wp-content\/uploads\/usu999\/2022\/09\/Projecte-Socialitzacio-22.pdf\" target=\"_blank\" rel=\"noopener\">Projecte Socialitzaci\u00f3 2022<\/a><\/p>\n<p style=\"text-align: center;\"><a href=\"https:\/\/agora.xtec.cat\/ceellevant\/wp-content\/uploads\/usu999\/2024\/01\/Projecte-Socialitzacio-23.pdf\" target=\"_blank\" rel=\"noopener\">Projecte Socialitzaci\u00f3 2023<\/a><\/p>\n<p style=\"text-align: center;\"><a href=\"https:\/\/agora.xtec.cat\/ceellevant\/wp-content\/uploads\/usu999\/2025\/02\/Projecte-Socialitzacio-24-CE.pdf\" target=\"_blank\" rel=\"noopener\">Projecte Socialitzaci\u00f3 2024<\/a><\/p>\n<p style=\"text-align: center;\"><a href=\"https:\/\/agora.xtec.cat\/ceellevant\/wp-content\/uploads\/usu999\/2025\/12\/Projecte-Socialitzacio-Llevant-25-1.pdf\" target=\"_blank\" rel=\"noopener\">Projecte Socialitzaci\u00f3 2025<\/a><\/p>\n<p><a href=\"https:\/\/agora.xtec.cat\/ceellevant\/wp-content\/uploads\/usu999\/2024\/01\/logo-vector-ajuntament-de-badalona.webp\"><img loading=\"lazy\" decoding=\"async\" class=\"wp-image-5017 alignright\" src=\"https:\/\/agora.xtec.cat\/ceellevant\/wp-content\/uploads\/usu999\/2024\/01\/logo-vector-ajuntament-de-badalona.webp\" alt=\"\" width=\"395\" height=\"200\" srcset=\"https:\/\/agora.xtec.cat\/ceellevant\/wp-content\/uploads\/usu999\/2024\/01\/logo-vector-ajuntament-de-badalona.webp 630w, https:\/\/agora.xtec.cat\/ceellevant\/wp-content\/uploads\/usu999\/2024\/01\/logo-vector-ajuntament-de-badalona-300x152.webp 300w\" sizes=\"auto, (max-width: 395px) 100vw, 395px\" \/><\/a><\/p>\n<p>&nbsp;<\/p>\n","protected":false},"excerpt":{"rendered":"<p><a href=\"http:\/\/agora.xtec.cat\/ceellevant\/wp-content\/uploads\/usu999\/2017\/05\/socializacion-infantil3.jpg\"><\/a><br \/>\nAqu\u00ed podeu trobar tots els projectes de socialitzaci\u00f3 que l&#8217;AMPA de l&#8217;escola ha portat a terme amb el suport de l&#8217;Ajuntament de Badalona:<br \/>\n<a href=\"https:\/\/agora.xtec.cat\/ceellevant\/wp-content\/uploads\/usu999\/2022\/02\/Projecte-Socialitzacio-19.pdf\" target=\"_blank\" rel=\"noopener\">Projecte Socialitzaci\u00f3 2019<\/a><br \/>\n<a href=\"https:\/\/agora.xtec.cat\/ceellevant\/wp-content\/uploads\/usu999\/2020\/10\/Proyecte-Socialitzaci\u00f3-20-.pdf\" target=\"_blank\" rel=\"noopener noreferrer\">Projecte Socialitzaci\u00f3 2020<\/a><br \/>\n<a href=\"https:\/\/agora.xtec.cat\/ceellevant\/wp-content\/uploads\/usu999\/2022\/02\/Proyecte-Socialitzacio-21.pdf\" target=\"_blank\" rel=\"noopener\">Projecte Socialitzaci\u00f3 2021<\/a><br \/>\n<a href=\"https:\/\/agora.xtec.cat\/ceellevant\/wp-content\/uploads\/usu999\/2022\/09\/Projecte-Socialitzacio-22.pdf\" target=\"_blank\" rel=\"noopener\">Projecte Socialitzaci\u00f3 2022<\/a><br \/>\n<a&hellip;  <a href=\"https:\/\/agora.xtec.cat\/ceellevant\/projectes-de-socialitzacio\/\" title=\"Read Projectes de socialitzaci\u00f3 i reutilitzaci\u00f3 de llibres i materials did\u00e0ctics\">Llegeix m\u00e9s\u00bb<\/a><\/p>\n","protected":false},"author":1,"featured_media":0,"parent":0,"menu_order":0,"comment_status":"closed","ping_status":"closed","template":"","meta":{"_bbp_topic_count":0,"_bbp_reply_count":0,"_bbp_total_topic_count":0,"_bbp_total_reply_count":0,"_bbp_voice_count":0,"_bbp_anonymous_reply_count":0,"_bbp_topic_count_hidden":0,"_bbp_reply_count_hidden":0,"_bbp_forum_subforum_count":0,"footnotes":""},"class_list":["post-1270","page","type-page","status-publish","hentry"],"post_mailing_queue_ids":[],"_links":{"self":[{"href":"https:\/\/agora.xtec.cat\/ceellevant\/wp-json\/wp\/v2\/pages\/1270","targetHints":{"allow":["GET"]}}],"collection":[{"href":"https:\/\/agora.xtec.cat\/ceellevant\/wp-json\/wp\/v2\/pages"}],"about":[{"href":"https:\/\/agora.xtec.cat\/ceellevant\/wp-json\/wp\/v2\/types\/page"}],"author":[{"embeddable":true,"href":"https:\/\/agora.xtec.cat\/ceellevant\/wp-json\/wp\/v2\/users\/1"}],"replies":[{"embeddable":true,"href":"https:\/\/agora.xtec.cat\/ceellevant\/wp-json\/wp\/v2\/comments?post=1270"}],"version-history":[{"count":6,"href":"https:\/\/agora.xtec.cat\/ceellevant\/wp-json\/wp\/v2\/pages\/1270\/revisions"}],"predecessor-version":[{"id":5476,"href":"https:\/\/agora.xtec.cat\/ceellevant\/wp-json\/wp\/v2\/pages\/1270\/revisions\/5476"}],"wp:attachment":[{"href":"https:\/\/agora.xtec.cat\/ceellevant\/wp-json\/wp\/v2\/media?parent=1270"}],"curies":[{"name":"wp","href":"https:\/\/api.w.org\/{rel}","templated":true}]}}