{"id":2141,"date":"2020-09-14T12:30:19","date_gmt":"2020-09-14T10:30:19","guid":{"rendered":"http:\/\/agora.xtec.cat\/ceehoritzo\/?page_id=2141"},"modified":"2025-09-02T12:07:52","modified_gmt":"2025-09-02T10:07:52","slug":"menjador","status":"publish","type":"page","link":"https:\/\/agora.xtec.cat\/ceehoritzo\/serveis\/menjador\/","title":{"rendered":"MENJADOR"},"content":{"rendered":"\n<figure class=\"wp-block-image aligncenter size-full\"><a href=\"https:\/\/agora.xtec.cat\/ceehoritzo\/wp-content\/uploads\/usu1191\/2025\/09\/fundaspai.jpg\"><img loading=\"lazy\" decoding=\"async\" width=\"210\" height=\"177\" src=\"https:\/\/agora.xtec.cat\/ceehoritzo\/wp-content\/uploads\/usu1191\/2025\/09\/fundaspai.jpg\" alt=\"\" class=\"wp-image-3574\"\/><\/a><\/figure>\n\n\n\n<p>El menjador escolar forma part de l\u2019horari lectiu del centre i, per tant, es considera una activitat educativa m\u00e9s integrada dins del projecte educatiu de centre (PEC). L\u2019espai del menjador, doncs, esdev\u00e9 una proposta funcional i amb sentit que treballa valors, h\u00e0bits i actituds que afavoreixen el desenvolupament personal i la conviv\u00e8ncia. Els i les docents s\u00f3n les responsables d&#8217;establir una s\u00e8rie d\u2019objectius a treballar al llarg del curs amb cada un dels\/de les nostres alumnes en relaci\u00f3 al foment de l\u2019autonomia personal, el treball del respecte i la conviv\u00e8ncia, i promoure h\u00e0bits d\u2019alimentaci\u00f3 saludable.<\/p>\n\n\n\n<p>El servei de menjador escolar est\u00e0 gestionat per l\u2019empresa Fundesplai 7itria, tant el servei de cuina com el servei de monitoratge que cobreix la franja complement\u00e0ria de taller de tarda de les 14:30h a les 16:30h. Pel que fa a la gesti\u00f3 econ\u00f2mica del servei de menjador va a c\u00e0rrec de l\u2019AFA de la nostra escola.&nbsp;<\/p>\n\n\n\n<p>Des de l\u2019Equip Directiu vetllem per tal que aquest servei pugui ser gratu\u00eft per a tots els i les alumnes de les comunitats i del Projecte Creixem pel fet d\u2019estar incl\u00f2s a la franja lectiva. \u00c9s per aquest motiu que oferim el nostre suport a les fam\u00edlies en tot el proc\u00e9s de sol\u00b7licitud de les beques de menjador: informem de terminis, ajudem a omplir la documentaci\u00f3 en els casos que sigui necessari i fem l\u2019acompanyament per a que totes les fam\u00edlies puguin accedir a aquest recurs amb facilitat.&nbsp;<\/p>\n","protected":false},"excerpt":{"rendered":"<p>El menjador escolar forma part de l\u2019horari lectiu del centre i, per tant, es considera una activitat educativa m\u00e9s integrada [&hellip;]<\/p>\n","protected":false},"author":3,"featured_media":3574,"parent":2393,"menu_order":0,"comment_status":"closed","ping_status":"closed","template":"","meta":{"_bbp_topic_count":0,"_bbp_reply_count":0,"_bbp_total_topic_count":0,"_bbp_total_reply_count":0,"_bbp_voice_count":0,"_bbp_anonymous_reply_count":0,"_bbp_topic_count_hidden":0,"_bbp_reply_count_hidden":0,"_bbp_forum_subforum_count":0,"site-sidebar-layout":"default","site-content-layout":"","ast-site-content-layout":"default","site-content-style":"default","site-sidebar-style":"default","ast-global-header-display":"","ast-banner-title-visibility":"","ast-main-header-display":"","ast-hfb-above-header-display":"","ast-hfb-below-header-display":"","ast-hfb-mobile-header-display":"","site-post-title":"disabled","ast-breadcrumbs-content":"","ast-featured-img":"","footer-sml-layout":"","theme-transparent-header-meta":"","adv-header-id-meta":"","stick-header-meta":"","header-above-stick-meta":"","header-main-stick-meta":"","header-below-stick-meta":"","astra-migrate-meta-layouts":"set","ast-page-background-enabled":"default","ast-page-background-meta":{"desktop":{"background-color":"var(--ast-global-color-4)","background-image":"","background-repeat":"repeat","background-position":"center center","background-size":"auto","background-attachment":"scroll","background-type":"","background-media":"","overlay-type":"","overlay-color":"","overlay-opacity":"","overlay-gradient":""},"tablet":{"background-color":"","background-image":"","background-repeat":"repeat","background-position":"center center","background-size":"auto","background-attachment":"scroll","background-type":"","background-media":"","overlay-type":"","overlay-color":"","overlay-opacity":"","overlay-gradient":""},"mobile":{"background-color":"","background-image":"","background-repeat":"repeat","background-position":"center center","background-size":"auto","background-attachment":"scroll","background-type":"","background-media":"","overlay-type":"","overlay-color":"","overlay-opacity":"","overlay-gradient":""}},"ast-content-background-meta":{"desktop":{"background-color":"var(--ast-global-color-5)","background-image":"","background-repeat":"repeat","background-position":"center center","background-size":"auto","background-attachment":"scroll","background-type":"","background-media":"","overlay-type":"","overlay-color":"","overlay-opacity":"","overlay-gradient":""},"tablet":{"background-color":"var(--ast-global-color-5)","background-image":"","background-repeat":"repeat","background-position":"center center","background-size":"auto","background-attachment":"scroll","background-type":"","background-media":"","overlay-type":"","overlay-color":"","overlay-opacity":"","overlay-gradient":""},"mobile":{"background-color":"var(--ast-global-color-5)","background-image":"","background-repeat":"repeat","background-position":"center center","background-size":"auto","background-attachment":"scroll","background-type":"","background-media":"","overlay-type":"","overlay-color":"","overlay-opacity":"","overlay-gradient":""}},"footnotes":""},"class_list":["post-2141","page","type-page","status-publish","has-post-thumbnail","hentry"],"post_mailing_queue_ids":[],"_links":{"self":[{"href":"https:\/\/agora.xtec.cat\/ceehoritzo\/wp-json\/wp\/v2\/pages\/2141","targetHints":{"allow":["GET"]}}],"collection":[{"href":"https:\/\/agora.xtec.cat\/ceehoritzo\/wp-json\/wp\/v2\/pages"}],"about":[{"href":"https:\/\/agora.xtec.cat\/ceehoritzo\/wp-json\/wp\/v2\/types\/page"}],"author":[{"embeddable":true,"href":"https:\/\/agora.xtec.cat\/ceehoritzo\/wp-json\/wp\/v2\/users\/3"}],"replies":[{"embeddable":true,"href":"https:\/\/agora.xtec.cat\/ceehoritzo\/wp-json\/wp\/v2\/comments?post=2141"}],"version-history":[{"count":5,"href":"https:\/\/agora.xtec.cat\/ceehoritzo\/wp-json\/wp\/v2\/pages\/2141\/revisions"}],"predecessor-version":[{"id":3575,"href":"https:\/\/agora.xtec.cat\/ceehoritzo\/wp-json\/wp\/v2\/pages\/2141\/revisions\/3575"}],"up":[{"embeddable":true,"href":"https:\/\/agora.xtec.cat\/ceehoritzo\/wp-json\/wp\/v2\/pages\/2393"}],"wp:featuredmedia":[{"embeddable":true,"href":"https:\/\/agora.xtec.cat\/ceehoritzo\/wp-json\/wp\/v2\/media\/3574"}],"wp:attachment":[{"href":"https:\/\/agora.xtec.cat\/ceehoritzo\/wp-json\/wp\/v2\/media?parent=2141"}],"curies":[{"name":"wp","href":"https:\/\/api.w.org\/{rel}","templated":true}]}}