{"id":9,"date":"2014-09-17T15:08:18","date_gmt":"2014-09-17T15:08:18","guid":{"rendered":"http:\/\/agora.xtec.cat\/ceefolchicamarasa\/?page_id=9"},"modified":"2024-06-27T11:15:00","modified_gmt":"2024-06-27T09:15:00","slug":"pagina-dinici-buida","status":"publish","type":"page","link":"https:\/\/agora.xtec.cat\/ceefolchicamarasa\/","title":{"rendered":"Pagina d&#8217;inici buida"},"content":{"rendered":"<p style=\"text-align: center;\"><strong>EL CEE \u201cFOLCH I CAMARASA\u201d \u00e9s una escola p\u00fablica \u00fanica per la seva especificitat: ATENCI\u00d3 EDUCATIVA A L\u2019ALUMNAT AMB DISCAPACITAT VISUAL I TGD\/TEA, AMB D\u2019ALTRES DISCAPACITATS (auditiva- sordceguesa, cognitiva i\/o motriu).<\/strong><\/p>\n<p><a href=\"https:\/\/agora.xtec.cat\/ceefolchicamarasa\/wp-content\/uploads\/usu347\/2024\/06\/Captura-de-pantalla-2024-06-27-111426.png\"><img loading=\"lazy\" decoding=\"async\" class=\"alignnone size-full wp-image-1191\" src=\"https:\/\/agora.xtec.cat\/ceefolchicamarasa\/wp-content\/uploads\/usu347\/2024\/06\/Captura-de-pantalla-2024-06-27-111426.png\" alt=\"\" width=\"1084\" height=\"646\" srcset=\"https:\/\/agora.xtec.cat\/ceefolchicamarasa\/wp-content\/uploads\/usu347\/2024\/06\/Captura-de-pantalla-2024-06-27-111426.png 1084w, https:\/\/agora.xtec.cat\/ceefolchicamarasa\/wp-content\/uploads\/usu347\/2024\/06\/Captura-de-pantalla-2024-06-27-111426-300x179.png 300w, https:\/\/agora.xtec.cat\/ceefolchicamarasa\/wp-content\/uploads\/usu347\/2024\/06\/Captura-de-pantalla-2024-06-27-111426-1024x610.png 1024w, https:\/\/agora.xtec.cat\/ceefolchicamarasa\/wp-content\/uploads\/usu347\/2024\/06\/Captura-de-pantalla-2024-06-27-111426-768x458.png 768w\" sizes=\"auto, (max-width: 1084px) 100vw, 1084px\" \/><\/a><\/p>\n","protected":false},"excerpt":{"rendered":"<p>EL CEE \u201cFOLCH I CAMARASA\u201d \u00e9s una escola p\u00fablica \u00fanica per la seva especificitat: ATENCI\u00d3 EDUCATIVA A L\u2019ALUMNAT AMB DISCAPACITAT VISUAL I TGD\/TEA, AMB D\u2019ALTRES DISCAPACITATS (auditiva- sordceguesa, cognitiva i\/o motriu).<br \/>\n<a href=\"https:\/\/agora.xtec.cat\/ceefolchicamarasa\/wp-content\/uploads\/usu347\/2024\/06\/Captura-de-pantalla-2024-06-27-111426.png\"><\/a><\/p>\n","protected":false},"author":2,"featured_media":0,"parent":7,"menu_order":0,"comment_status":"closed","ping_status":"closed","template":"page-templates\/front-page.php","meta":{"_bbp_topic_count":0,"_bbp_reply_count":0,"_bbp_total_topic_count":0,"_bbp_total_reply_count":0,"_bbp_voice_count":0,"_bbp_anonymous_reply_count":0,"_bbp_topic_count_hidden":0,"_bbp_reply_count_hidden":0,"_bbp_forum_subforum_count":0,"footnotes":""},"class_list":["post-9","page","type-page","status-publish","hentry"],"post_mailing_queue_ids":[],"_links":{"self":[{"href":"https:\/\/agora.xtec.cat\/ceefolchicamarasa\/wp-json\/wp\/v2\/pages\/9","targetHints":{"allow":["GET"]}}],"collection":[{"href":"https:\/\/agora.xtec.cat\/ceefolchicamarasa\/wp-json\/wp\/v2\/pages"}],"about":[{"href":"https:\/\/agora.xtec.cat\/ceefolchicamarasa\/wp-json\/wp\/v2\/types\/page"}],"author":[{"embeddable":true,"href":"https:\/\/agora.xtec.cat\/ceefolchicamarasa\/wp-json\/wp\/v2\/users\/2"}],"replies":[{"embeddable":true,"href":"https:\/\/agora.xtec.cat\/ceefolchicamarasa\/wp-json\/wp\/v2\/comments?post=9"}],"version-history":[{"count":5,"href":"https:\/\/agora.xtec.cat\/ceefolchicamarasa\/wp-json\/wp\/v2\/pages\/9\/revisions"}],"predecessor-version":[{"id":299,"href":"https:\/\/agora.xtec.cat\/ceefolchicamarasa\/wp-json\/wp\/v2\/pages\/9\/revisions\/299"}],"up":[{"embeddable":true,"href":"https:\/\/agora.xtec.cat\/ceefolchicamarasa\/wp-json\/wp\/v2\/pages\/7"}],"wp:attachment":[{"href":"https:\/\/agora.xtec.cat\/ceefolchicamarasa\/wp-json\/wp\/v2\/media?parent=9"}],"curies":[{"name":"wp","href":"https:\/\/api.w.org\/{rel}","templated":true}]}}