{"id":1283,"date":"2025-05-15T15:49:43","date_gmt":"2025-05-15T13:49:43","guid":{"rendered":"https:\/\/agora.xtec.cat\/ceefolchicamarasa\/?page_id=1283"},"modified":"2025-05-22T15:38:55","modified_gmt":"2025-05-22T13:38:55","slug":"alimentacio","status":"publish","type":"page","link":"https:\/\/agora.xtec.cat\/ceefolchicamarasa\/que-fem\/entorns-de-treball\/alimentacio\/","title":{"rendered":"Alimentaci\u00f3"},"content":{"rendered":"<p><a href=\"https:\/\/agora.xtec.cat\/ceefolchicamarasa\/wp-content\/uploads\/usu347\/2024\/07\/Alimentacio.png\"><img loading=\"lazy\" decoding=\"async\" class=\"wp-image-1211 aligncenter\" src=\"https:\/\/agora.xtec.cat\/ceefolchicamarasa\/wp-content\/uploads\/usu347\/2024\/07\/Alimentacio.png\" alt=\"\" width=\"551\" height=\"250\" srcset=\"https:\/\/agora.xtec.cat\/ceefolchicamarasa\/wp-content\/uploads\/usu347\/2024\/07\/Alimentacio.png 841w, https:\/\/agora.xtec.cat\/ceefolchicamarasa\/wp-content\/uploads\/usu347\/2024\/07\/Alimentacio-300x136.png 300w, https:\/\/agora.xtec.cat\/ceefolchicamarasa\/wp-content\/uploads\/usu347\/2024\/07\/Alimentacio-768x349.png 768w\" sizes=\"auto, (max-width: 551px) 100vw, 551px\" \/><\/a><\/p>\n<p><span style=\"font-weight: 400;\">El treball en alimentaci\u00f3 es porta a terme des d\u2019una vessant terap\u00e8utica i global. A banda de les dificultats mentals, f\u00edsiques i\/o sensorials que mostren en el moment de l\u2019alimentaci\u00f3, tamb\u00e9 cal portar a terme aprenentatges d\u2019autonomia espec\u00edfics per la manca de visi\u00f3. Aquesta \u00e9s l\u2019argumentaci\u00f3 pedag\u00f2gica a partir de la qual es justifica que, dins de l\u2019horari lectiu, siguin els adults referencials qui acompanyin a l\u2019alumnat en el fr\u00e0gil proc\u00e9s d\u2019alimentaci\u00f3 (tutores i educadores).<\/span><\/p>\n<p><span style=\"font-weight: 400;\">L\u2019alumnat pot presentar dificultats en la seva evoluci\u00f3 aliment\u00e0ria que engloben un ampli ventall de limitacions:<\/span><\/p>\n<ul>\n<li style=\"font-weight: 400;\" aria-level=\"1\"><span style=\"font-weight: 400;\">Des de la passivitat o el rebuig manifest per l\u2019aliment fins a la voracitat d\u2019aquest.\u00a0<\/span><\/li>\n<li style=\"font-weight: 400;\" aria-level=\"1\"><span style=\"font-weight: 400;\">Dificultats motrius que limiten o condicionen l\u2019autoalimentaci\u00f3.<\/span><\/li>\n<li style=\"font-weight: 400;\" aria-level=\"1\"><span style=\"font-weight: 400;\">L\u2019aparici\u00f3 de trastorns relacionats amb les experi\u00e8ncies autoestimulants desadaptatives pr\u00f2pies d\u2019alguns nens\/es amb retard mental i autisme (limitaci\u00f3 dels aliments acceptats, rebuig de textures, regressions cicliques, etc).<\/span><\/li>\n<li style=\"font-weight: 400;\" aria-level=\"1\"><span style=\"font-weight: 400;\">Alteracions de la salut que afecten l&#8217;alimentaci\u00f3, per exemple, infants que presenten disf\u00e0gia, bot\u00f3 g\u00e0stric, poc control dels \u00f2rgans bucofonatoris,&#8230;.).<\/span><\/li>\n<\/ul>\n","protected":false},"excerpt":{"rendered":"<p><a href=\"https:\/\/agora.xtec.cat\/ceefolchicamarasa\/wp-content\/uploads\/usu347\/2024\/07\/Alimentacio.png\"><\/a><br \/>\nEl treball en alimentaci\u00f3 es porta a terme des d\u2019una vessant terap\u00e8utica i global. A banda de les dificultats mentals, f\u00edsiques i\/o sensorials que mostren en el moment de l\u2019alimentaci\u00f3, tamb\u00e9 cal portar a terme aprenentatges d\u2019autonomia espec\u00edfics per la manca de visi\u00f3. Aquesta&hellip;  <a href=\"https:\/\/agora.xtec.cat\/ceefolchicamarasa\/que-fem\/entorns-de-treball\/alimentacio\/\" title=\"Read Alimentaci\u00f3\">Llegeix m\u00e9s\u00bb<\/a><\/p>\n","protected":false},"author":1,"featured_media":0,"parent":264,"menu_order":0,"comment_status":"closed","ping_status":"closed","template":"","meta":{"_bbp_topic_count":0,"_bbp_reply_count":0,"_bbp_total_topic_count":0,"_bbp_total_reply_count":0,"_bbp_voice_count":0,"_bbp_anonymous_reply_count":0,"_bbp_topic_count_hidden":0,"_bbp_reply_count_hidden":0,"_bbp_forum_subforum_count":0,"footnotes":""},"class_list":["post-1283","page","type-page","status-publish","hentry"],"post_mailing_queue_ids":[],"_links":{"self":[{"href":"https:\/\/agora.xtec.cat\/ceefolchicamarasa\/wp-json\/wp\/v2\/pages\/1283","targetHints":{"allow":["GET"]}}],"collection":[{"href":"https:\/\/agora.xtec.cat\/ceefolchicamarasa\/wp-json\/wp\/v2\/pages"}],"about":[{"href":"https:\/\/agora.xtec.cat\/ceefolchicamarasa\/wp-json\/wp\/v2\/types\/page"}],"author":[{"embeddable":true,"href":"https:\/\/agora.xtec.cat\/ceefolchicamarasa\/wp-json\/wp\/v2\/users\/1"}],"replies":[{"embeddable":true,"href":"https:\/\/agora.xtec.cat\/ceefolchicamarasa\/wp-json\/wp\/v2\/comments?post=1283"}],"version-history":[{"count":3,"href":"https:\/\/agora.xtec.cat\/ceefolchicamarasa\/wp-json\/wp\/v2\/pages\/1283\/revisions"}],"predecessor-version":[{"id":1308,"href":"https:\/\/agora.xtec.cat\/ceefolchicamarasa\/wp-json\/wp\/v2\/pages\/1283\/revisions\/1308"}],"up":[{"embeddable":true,"href":"https:\/\/agora.xtec.cat\/ceefolchicamarasa\/wp-json\/wp\/v2\/pages\/264"}],"wp:attachment":[{"href":"https:\/\/agora.xtec.cat\/ceefolchicamarasa\/wp-json\/wp\/v2\/media?parent=1283"}],"curies":[{"name":"wp","href":"https:\/\/api.w.org\/{rel}","templated":true}]}}