{"id":1045,"date":"2023-06-27T10:33:55","date_gmt":"2023-06-27T08:33:55","guid":{"rendered":"https:\/\/agora.xtec.cat\/ceefolchicamarasa\/?page_id=1045"},"modified":"2023-06-27T12:55:42","modified_gmt":"2023-06-27T10:55:42","slug":"planificacio","status":"publish","type":"page","link":"https:\/\/agora.xtec.cat\/ceefolchicamarasa\/estrategia-digital-de-centre\/part-estrategica\/planificacio\/","title":{"rendered":"Avaluaci\u00f3"},"content":{"rendered":"<p class=\"_04xlpA direction-ltr align-center para-style-body\"><span class=\"WdYUQQ text-decoration-none text-strikethrough-none\">En tot proc\u00e9s d\u2019ensenyament-aprenentatge \u00e9s fonamental l\u2019avaluaci\u00f3 de les activitats realitzades i de <\/span><span class=\"WdYUQQ text-decoration-none text-strikethrough-none\">l\u2019assoliment dels objectius plantejats.<\/span><\/p>\n<p class=\"_04xlpA direction-ltr align-center para-style-body\"><span class=\"WdYUQQ text-decoration-none text-strikethrough-none\">Per tal de fer aquest seguiment, es portar\u00e0 a terme una avaluaci\u00f3 inicial per plantejar la viabilitat i modificaci\u00f3, si s\u2019escau, dels objectius plantejats un curs en concret i una avaluaci\u00f3 final per valorar l\u2019assoliment dels diferents objectius definits a l\u2019Estrat\u00e8gia Digital de Centre.<\/span><\/p>\n<p class=\"_04xlpA direction-ltr align-center para-style-body\"><span class=\"WdYUQQ text-decoration-none text-strikethrough-none\">Es tracta doncs d\u2019un proc\u00e9s de reflexi\u00f3 on poder revisar i actualitzar l\u2019EDC segons les necessitats que es vagin plantejant.<\/span><\/p>\n<p><a href=\"https:\/\/agora.xtec.cat\/ceefolchicamarasa\/wp-content\/uploads\/usu347\/2023\/06\/download.png\"><img loading=\"lazy\" decoding=\"async\" class=\"wp-image-1107 alignright\" src=\"https:\/\/agora.xtec.cat\/ceefolchicamarasa\/wp-content\/uploads\/usu347\/2023\/06\/download.png\" alt=\"\" width=\"99\" height=\"99\" srcset=\"https:\/\/agora.xtec.cat\/ceefolchicamarasa\/wp-content\/uploads\/usu347\/2023\/06\/download.png 225w, https:\/\/agora.xtec.cat\/ceefolchicamarasa\/wp-content\/uploads\/usu347\/2023\/06\/download-150x150.png 150w\" sizes=\"auto, (max-width: 99px) 100vw, 99px\" \/><\/a><\/p>\n","protected":false},"excerpt":{"rendered":"<p>En tot proc\u00e9s d\u2019ensenyament-aprenentatge \u00e9s fonamental l\u2019avaluaci\u00f3 de les activitats realitzades i de l\u2019assoliment dels objectius plantejats.<br \/>\nPer tal de fer aquest seguiment, es portar\u00e0 a terme una avaluaci\u00f3 inicial per plantejar la viabilitat i modificaci\u00f3, si s\u2019escau, dels objectius plantejats un curs en concret i&hellip;  <a href=\"https:\/\/agora.xtec.cat\/ceefolchicamarasa\/estrategia-digital-de-centre\/part-estrategica\/planificacio\/\" title=\"Read Avaluaci\u00f3\">Llegeix m\u00e9s\u00bb<\/a><\/p>\n","protected":false},"author":1,"featured_media":0,"parent":1026,"menu_order":4,"comment_status":"closed","ping_status":"closed","template":"page-templates\/side-menu.php","meta":{"_bbp_topic_count":0,"_bbp_reply_count":0,"_bbp_total_topic_count":0,"_bbp_total_reply_count":0,"_bbp_voice_count":0,"_bbp_anonymous_reply_count":0,"_bbp_topic_count_hidden":0,"_bbp_reply_count_hidden":0,"_bbp_forum_subforum_count":0,"footnotes":""},"class_list":["post-1045","page","type-page","status-publish","hentry"],"post_mailing_queue_ids":[],"_links":{"self":[{"href":"https:\/\/agora.xtec.cat\/ceefolchicamarasa\/wp-json\/wp\/v2\/pages\/1045","targetHints":{"allow":["GET"]}}],"collection":[{"href":"https:\/\/agora.xtec.cat\/ceefolchicamarasa\/wp-json\/wp\/v2\/pages"}],"about":[{"href":"https:\/\/agora.xtec.cat\/ceefolchicamarasa\/wp-json\/wp\/v2\/types\/page"}],"author":[{"embeddable":true,"href":"https:\/\/agora.xtec.cat\/ceefolchicamarasa\/wp-json\/wp\/v2\/users\/1"}],"replies":[{"embeddable":true,"href":"https:\/\/agora.xtec.cat\/ceefolchicamarasa\/wp-json\/wp\/v2\/comments?post=1045"}],"version-history":[{"count":3,"href":"https:\/\/agora.xtec.cat\/ceefolchicamarasa\/wp-json\/wp\/v2\/pages\/1045\/revisions"}],"predecessor-version":[{"id":1112,"href":"https:\/\/agora.xtec.cat\/ceefolchicamarasa\/wp-json\/wp\/v2\/pages\/1045\/revisions\/1112"}],"up":[{"embeddable":true,"href":"https:\/\/agora.xtec.cat\/ceefolchicamarasa\/wp-json\/wp\/v2\/pages\/1026"}],"wp:attachment":[{"href":"https:\/\/agora.xtec.cat\/ceefolchicamarasa\/wp-json\/wp\/v2\/media?parent=1045"}],"curies":[{"name":"wp","href":"https:\/\/api.w.org\/{rel}","templated":true}]}}