{"id":667,"date":"2019-03-08T11:13:07","date_gmt":"2019-03-08T10:13:07","guid":{"rendered":"https:\/\/agora.xtec.cat\/ceebalmes2\/?page_id=667"},"modified":"2024-04-22T20:21:52","modified_gmt":"2024-04-22T18:21:52","slug":"installacions-de-balmes-ii","status":"publish","type":"page","link":"https:\/\/agora.xtec.cat\/ceebalmes2\/installacions-de-balmes-ii\/","title":{"rendered":"Espais"},"content":{"rendered":"<p><span style=\"font-weight: 400;\">El nostre principal objectiu \u00e9s oferir al nostre alumnat un entorn <strong>acollidor<\/strong> i <strong>estructurat<\/strong>, que proporcioni experi\u00e8ncies de <strong>seguretat<\/strong> i <strong>confian\u00e7a<\/strong>, que possibilitin el seu desenvolupament personal i la seva experi\u00e8ncia d\u2019<strong>autonomia<\/strong> i <strong>benestar<\/strong>. <\/span>Un entorn <strong>protector de l&#8217;aprenentantge<\/strong>, <strong>motivador<\/strong> i <strong>accessible<\/strong> a tothom. A continuaci\u00f3 detallem els espais de l&#8217;escola.<\/p>\n<p><strong>Sala multisensorial i espai de llit d&#8217;aigua<\/strong><\/p>\n<p>Aquesta sala ens ofereix a partir de la llum, la vibraci\u00f3, els sons i els est\u00edmuls t\u00e0ctils, una infinitat d&#8217;experi\u00e8ncies sensorials. La sala multisensorial disposa d&#8217;una cova de fibra \u00f2ptica, una columna de bombolles, una piscina de boles interactiva, un panell musical Hopstoch, mur interactiu de fibra \u00f2ptica, un panell t\u00e0ctil, puf vibroac\u00fastic i projector amb efectes interactius (a partir de polsadors).<\/p>\n<p>Des de la sala multisensorial, es pot accedir a una altra sala a la qual es troba el llit d&#8217;aigua vibroac\u00fastic i la banyera d&#8217;hidromassatge, que amb la l\u00e0mpada de Wood creen un ambient \u00f2ptim per a la relaxaci\u00f3.<\/p>\n<p>Aquests dos espais, a m\u00e9s d&#8217;afavorir l&#8217;experi\u00e8ncia sensorial i la percepci\u00f3 corporal, tamb\u00e9 possibilita que l&#8217;alumnat faci activitats de control de l&#8217;entorn.<\/p>\n<p><span style=\"font-family: inherit; font-size: 1em;\">&#8220;No hay nada en el intelecto que no haya pasado por los sentidos&#8221; (Guirao, 1980)<\/span><\/p>\n<p><strong>Sala de fisioterapia<\/strong><\/p>\n<p>&nbsp;<\/p>\n<p><strong>Despatx de logopedia\/psicologia cl\u00ednica<\/strong><\/p>\n<p>Actualment tenim dos despatxos de logopedia, un a la planta d&#8217;abaix i l&#8217;altre a la planta de dalt. El de la planta de dalt tamb\u00e9 s&#8217;utilitza com a despatx de psicologia cl\u00ednica.<\/p>\n<p><strong>Despatx de psicopedagogia<\/strong><\/p>\n<p>&nbsp;<\/p>\n<p><strong>Pati de dalt<\/strong><\/p>\n<p>Al pat\u00ed de la planta de dalt trobem un espai al qual compartir jocs i temps. \u00c9s un pati acollidor al qual trobem un llit el\u00e0stic, tres gronxadors, un panell musical, un balanc\u00ed, dos tobogans i una hamaca. Ens agrada molt compartir estones all\u00e0!<\/p>\n<p><strong>Pati cobert<\/strong><\/p>\n<p>Durant aquest curs s&#8217;ha realitzat l&#8217;adequaci\u00f3 d&#8217;aquest espai exterior, gr\u00e0cies a l&#8217;ajuda de la ONCE i el Departament de Drets Socials. Actualment, aquest pati compta amb sostre, un tancament lateral i gespa artificial que permet la protecci\u00f3 de l&#8217;espai, de forma que l&#8217;alumnat amb m\u00e9s fragilitat tamb\u00e9 el pugui utilitzar.<\/p>\n<p><strong>Pati d&#8217;abaix<\/strong><\/p>\n<p>A l&#8217;entrada de l&#8217;escola trobem un pati gran al qual cada setmana es realitza l&#8217;activitat d&#8217;h\u00edpica terap\u00e8utica, gr\u00e0cies a una rampa adaptada que permet l&#8217;acc\u00e9s de l&#8217;alumnat als cavalls i d&#8217;un paviment antilliscant i segur.<\/p>\n<p>En aquest pati tamb\u00e9 hi ha un gronxador adaptat que va ser donat per l&#8217;Ajuntament de Sant Boi de Llobregat. L&#8217;entorn del pati \u00e9s privilegiat, ja que est\u00e0 envoltat d&#8217;arbres i natura, fet que ens ofereix un aire m\u00e9s net.<\/p>\n<p><strong>Infermeria<\/strong><\/p>\n<p>Durant el curs 2021-2022 es va crear un nou espai d&#8217;infermeria, m\u00e9s ampli que l&#8217;anterior. Est\u00e0 habilitat per tenir un acc\u00e9s m\u00e9s r\u00e0pid a les necessitats de salut de tot l&#8217;alumnat, per\u00f2 alhora poder preservar la intimitat. Amb la millora d&#8217;aquest espai, s&#8217;ha afavorit el desenvolupament de la funci\u00f3 d&#8217;infermeria, tant important a la nostra escola.<\/p>\n<p><strong style=\"font-family: inherit; font-size: 1em;\">Aules<\/strong><\/p>\n<p>A l&#8217;escola hi ha un total de 8 aules distribuides en dues plantes. A principi de curs, cada aula s&#8217;adequa per cobrir les necessitats i els interessos de l&#8217;alumnat que formar\u00e0 part de l&#8217;aula.<\/p>\n\r\n\t<div class=\"slideshow_container slideshow_container_style-light\" style=\"height: 650px; \" data-slideshow-id=\"913\" data-style-name=\"style-light\" data-style-version=\"2.3.1\" >\r\n\r\n\t\t\t\t\t<div class=\"slideshow_loading_icon\"><\/div>\r\n\t\t\r\n\t\t<div class=\"slideshow_content\" style=\"display: none;\">\r\n\r\n\t\t\t<div class=\"slideshow_view\">\r\n\t\t\t\t<div class=\"slideshow_slide slideshow_slide_image\">\r\n\t\t\t\t\t\t\t\t\t\t\t<img src=\"https:\/\/agora.xtec.cat\/ceebalmes2\/wp-content\/uploads\/usu1973\/2019\/06\/benvinguts.jpg\" alt=\"cof\" width=\"448\" height=\"336\" \/>\r\n\t\t\t\t\t\t\t\t\t\t<div class=\"slideshow_description_box slideshow_transparent\">\r\n\t\t\t\t\t\t<div class=\"slideshow_title\">cof<\/div>\t\t\t\t\t\t\t\t\t\t\t<\/div>\r\n\t\t\t\t<\/div>\r\n\r\n\t\t\t\t\t\t<div style=\"clear: both;\"><\/div><\/div><div class=\"slideshow_view\">\r\n\t\t\t\t<div class=\"slideshow_slide slideshow_slide_image\">\r\n\t\t\t\t\t\t\t\t\t\t\t<img src=\"https:\/\/agora.xtec.cat\/ceebalmes2\/wp-content\/uploads\/usu1973\/2019\/05\/entrada.jpg\" alt=\"cof\" width=\"448\" height=\"294\" \/>\r\n\t\t\t\t\t\t\t\t\t\t<div class=\"slideshow_description_box slideshow_transparent\">\r\n\t\t\t\t\t\t<div class=\"slideshow_title\">cof<\/div>\t\t\t\t\t\t\t\t\t\t\t<\/div>\r\n\t\t\t\t<\/div>\r\n\r\n\t\t\t\t\t\t<div style=\"clear: both;\"><\/div><\/div><div class=\"slideshow_view\">\r\n\t\t\t\t<div class=\"slideshow_slide slideshow_slide_image\">\r\n\t\t\t\t\t\t\t\t\t\t\t<img src=\"https:\/\/agora.xtec.cat\/ceebalmes2\/wp-content\/uploads\/usu1973\/2019\/05\/passad\u00edspbaixa.jpg\" alt=\"bst\" width=\"448\" height=\"311\" \/>\r\n\t\t\t\t\t\t\t\t\t\t<div class=\"slideshow_description_box slideshow_transparent\">\r\n\t\t\t\t\t\t<div class=\"slideshow_title\">bst<\/div>\t\t\t\t\t\t\t\t\t\t\t<\/div>\r\n\t\t\t\t<\/div>\r\n\r\n\t\t\t\t\t\t<div style=\"clear: both;\"><\/div><\/div><div class=\"slideshow_view\">\r\n\t\t\t\t<div class=\"slideshow_slide slideshow_slide_image\">\r\n\t\t\t\t\t\t\t\t\t\t\t<img src=\"https:\/\/agora.xtec.cat\/ceebalmes2\/wp-content\/uploads\/usu1973\/2019\/05\/saturn3.jpg\" alt=\"saturn3\" width=\"448\" height=\"336\" \/>\r\n\t\t\t\t\t\t\t\t\t\t<div class=\"slideshow_description_box slideshow_transparent\">\r\n\t\t\t\t\t\t<div class=\"slideshow_title\">saturn3<\/div>\t\t\t\t\t\t\t\t\t\t\t<\/div>\r\n\t\t\t\t<\/div>\r\n\r\n\t\t\t\t\t\t<div style=\"clear: both;\"><\/div><\/div><div class=\"slideshow_view\">\r\n\t\t\t\t<div class=\"slideshow_slide slideshow_slide_image\">\r\n\t\t\t\t\t\t\t\t\t\t\t<img src=\"https:\/\/agora.xtec.cat\/ceebalmes2\/wp-content\/uploads\/usu1973\/2019\/06\/nept\u00fapdi2.jpg\" alt=\"cof\" width=\"436\" height=\"336\" \/>\r\n\t\t\t\t\t\t\t\t\t\t<div class=\"slideshow_description_box slideshow_transparent\">\r\n\t\t\t\t\t\t<div class=\"slideshow_title\">cof<\/div>\t\t\t\t\t\t\t\t\t\t\t<\/div>\r\n\t\t\t\t<\/div>\r\n\r\n\t\t\t\t\t\t<div style=\"clear: both;\"><\/div><\/div><div class=\"slideshow_view\">\r\n\t\t\t\t<div class=\"slideshow_slide slideshow_slide_image\">\r\n\t\t\t\t\t\t\t\t\t\t\t<img src=\"https:\/\/agora.xtec.cat\/ceebalmes2\/wp-content\/uploads\/usu1973\/2019\/06\/multi1.jpg\" alt=\"mde\" width=\"448\" height=\"298\" \/>\r\n\t\t\t\t\t\t\t\t\t\t<div class=\"slideshow_description_box slideshow_transparent\">\r\n\t\t\t\t\t\t<div class=\"slideshow_title\">mde<\/div>\t\t\t\t\t\t\t\t\t\t\t<\/div>\r\n\t\t\t\t<\/div>\r\n\r\n\t\t\t\t\t\t<div style=\"clear: both;\"><\/div><\/div><div class=\"slideshow_view\">\r\n\t\t\t\t<div class=\"slideshow_slide slideshow_slide_image\">\r\n\t\t\t\t\t\t\t\t\t\t\t<img src=\"https:\/\/agora.xtec.cat\/ceebalmes2\/wp-content\/uploads\/usu1973\/2019\/06\/multi2.jpg\" alt=\"mde\" width=\"448\" height=\"307\" \/>\r\n\t\t\t\t\t\t\t\t\t\t<div class=\"slideshow_description_box slideshow_transparent\">\r\n\t\t\t\t\t\t<div class=\"slideshow_title\">mde<\/div>\t\t\t\t\t\t\t\t\t\t\t<\/div>\r\n\t\t\t\t<\/div>\r\n\r\n\t\t\t\t\t\t<div style=\"clear: both;\"><\/div><\/div><div class=\"slideshow_view\">\r\n\t\t\t\t<div class=\"slideshow_slide slideshow_slide_image\">\r\n\t\t\t\t\t\t\t\t\t\t\t<img src=\"https:\/\/agora.xtec.cat\/ceebalmes2\/wp-content\/uploads\/usu1973\/2019\/05\/salafisio.jpg\" alt=\"cof_soft\" width=\"448\" height=\"336\" \/>\r\n\t\t\t\t\t\t\t\t\t\t<div class=\"slideshow_description_box slideshow_transparent\">\r\n\t\t\t\t\t\t<div class=\"slideshow_title\">cof_soft<\/div>\t\t\t\t\t\t\t\t\t\t\t<\/div>\r\n\t\t\t\t<\/div>\r\n\r\n\t\t\t\t\t\t<div style=\"clear: both;\"><\/div><\/div><div class=\"slideshow_view\">\r\n\t\t\t\t<div class=\"slideshow_slide slideshow_slide_image\">\r\n\t\t\t\t\t\t\t\t\t\t\t<img src=\"https:\/\/agora.xtec.cat\/ceebalmes2\/wp-content\/uploads\/usu1973\/2019\/05\/nept\u00fa-j\u00fapiter.jpg\" alt=\"cof\" width=\"448\" height=\"336\" \/>\r\n\t\t\t\t\t\t\t\t\t\t<div class=\"slideshow_description_box slideshow_transparent\">\r\n\t\t\t\t\t\t<div class=\"slideshow_title\">cof<\/div>\t\t\t\t\t\t\t\t\t\t\t<\/div>\r\n\t\t\t\t<\/div>\r\n\r\n\t\t\t\t\t\t<div style=\"clear: both;\"><\/div><\/div><div class=\"slideshow_view\">\r\n\t\t\t\t<div class=\"slideshow_slide slideshow_slide_image\">\r\n\t\t\t\t\t\t\t\t\t\t\t<img src=\"https:\/\/agora.xtec.cat\/ceebalmes2\/wp-content\/uploads\/usu1973\/2019\/05\/mart.jpg\" alt=\"dav\" width=\"448\" height=\"336\" \/>\r\n\t\t\t\t\t\t\t\t\t\t<div class=\"slideshow_description_box slideshow_transparent\">\r\n\t\t\t\t\t\t<div class=\"slideshow_title\">dav<\/div>\t\t\t\t\t\t\t\t\t\t\t<\/div>\r\n\t\t\t\t<\/div>\r\n\r\n\t\t\t\t\t\t<div style=\"clear: both;\"><\/div><\/div><div class=\"slideshow_view\">\r\n\t\t\t\t<div class=\"slideshow_slide slideshow_slide_image\">\r\n\t\t\t\t\t\t\t\t\t\t\t<img src=\"https:\/\/agora.xtec.cat\/ceebalmes2\/wp-content\/uploads\/usu1973\/2019\/05\/patiinfantil.jpg\" alt=\"cof\" width=\"448\" height=\"323\" \/>\r\n\t\t\t\t\t\t\t\t\t\t<div class=\"slideshow_description_box slideshow_transparent\">\r\n\t\t\t\t\t\t<div class=\"slideshow_title\">cof<\/div>\t\t\t\t\t\t\t\t\t\t\t<\/div>\r\n\t\t\t\t<\/div>\r\n\r\n\t\t\t\t\t\t<div style=\"clear: both;\"><\/div><\/div><div class=\"slideshow_view\">\r\n\t\t\t\t<div class=\"slideshow_slide slideshow_slide_image\">\r\n\t\t\t\t\t\t\t\t\t\t\t<img src=\"https:\/\/agora.xtec.cat\/ceebalmes2\/wp-content\/uploads\/usu1973\/2019\/05\/patidevant.jpg\" alt=\"cof\" width=\"448\" height=\"336\" \/>\r\n\t\t\t\t\t\t\t\t\t\t<div class=\"slideshow_description_box slideshow_transparent\">\r\n\t\t\t\t\t\t<div class=\"slideshow_title\">cof<\/div>\t\t\t\t\t\t\t\t\t\t\t<\/div>\r\n\t\t\t\t<\/div>\r\n\r\n\t\t\t\t\t\t<div style=\"clear: both;\"><\/div><\/div>\r\n\t\t<\/div>\r\n\r\n\t\t<div class=\"slideshow_controlPanel slideshow_transparent\" style=\"display: none;\"><ul><li class=\"slideshow_togglePlay\" data-play-text=\"Visualitza\" data-pause-text=\"Pausa\"><\/li><\/ul><\/div>\r\n\r\n\t\t<div class=\"slideshow_button slideshow_previous slideshow_transparent\" role=\"button\" data-previous-text=\"Anterior\" style=\"display: none;\"><\/div>\r\n\t\t<div class=\"slideshow_button slideshow_next slideshow_transparent\" role=\"button\" data-next-text=\"Seg\u00fcent\" style=\"display: none;\"><\/div>\r\n\r\n\t\t<div class=\"slideshow_pagination\" style=\"display: none;\" data-go-to-text=\"V\u00e9s a la diapositiva\"><div class=\"slideshow_pagination_center\"><\/div><\/div>\r\n\r\n\t\t<!-- WordPress Slideshow Version 2.3.1 -->\r\n\r\n\t\t\t<\/div>\r\n\r\n\n","protected":false},"excerpt":{"rendered":"<p>El nostre principal objectiu \u00e9s oferir al nostre alumnat un entorn acollidor i estructurat, que proporcioni experi\u00e8ncies de seguretat i confian\u00e7a, que possibilitin el seu desenvolupament personal i la seva experi\u00e8ncia d\u2019autonomia i benestar. Un entorn protector de l&#8217;aprenentantge, motivador i accessible a tothom. A&hellip;  <a href=\"https:\/\/agora.xtec.cat\/ceebalmes2\/installacions-de-balmes-ii\/\" title=\"Read Espais\">Llegeix m\u00e9s\u00bb<\/a><\/p>\n","protected":false},"author":1,"featured_media":0,"parent":0,"menu_order":0,"comment_status":"closed","ping_status":"closed","template":"","meta":{"_bbp_topic_count":0,"_bbp_reply_count":0,"_bbp_total_topic_count":0,"_bbp_total_reply_count":0,"_bbp_voice_count":0,"_bbp_anonymous_reply_count":0,"_bbp_topic_count_hidden":0,"_bbp_reply_count_hidden":0,"_bbp_forum_subforum_count":0,"footnotes":""},"class_list":["post-667","page","type-page","status-publish","hentry"],"post_mailing_queue_ids":[],"_links":{"self":[{"href":"https:\/\/agora.xtec.cat\/ceebalmes2\/wp-json\/wp\/v2\/pages\/667","targetHints":{"allow":["GET"]}}],"collection":[{"href":"https:\/\/agora.xtec.cat\/ceebalmes2\/wp-json\/wp\/v2\/pages"}],"about":[{"href":"https:\/\/agora.xtec.cat\/ceebalmes2\/wp-json\/wp\/v2\/types\/page"}],"author":[{"embeddable":true,"href":"https:\/\/agora.xtec.cat\/ceebalmes2\/wp-json\/wp\/v2\/users\/1"}],"replies":[{"embeddable":true,"href":"https:\/\/agora.xtec.cat\/ceebalmes2\/wp-json\/wp\/v2\/comments?post=667"}],"version-history":[{"count":5,"href":"https:\/\/agora.xtec.cat\/ceebalmes2\/wp-json\/wp\/v2\/pages\/667\/revisions"}],"predecessor-version":[{"id":3325,"href":"https:\/\/agora.xtec.cat\/ceebalmes2\/wp-json\/wp\/v2\/pages\/667\/revisions\/3325"}],"wp:attachment":[{"href":"https:\/\/agora.xtec.cat\/ceebalmes2\/wp-json\/wp\/v2\/media?parent=667"}],"curies":[{"name":"wp","href":"https:\/\/api.w.org\/{rel}","templated":true}]}}