{"id":1586,"date":"2016-10-11T11:19:00","date_gmt":"2016-10-11T10:19:00","guid":{"rendered":"http:\/\/agora.xtec.cat\/cee-laginesta\/wp-content\/uploads\/usu800\/2016\/10\/Li-hem-dit-ad\u00e9u-a-lautob\u00fas-quan-marxava-i-si-ens-tapem-els-ulls-tampoc-hi-\u00e9s.jpg"},"modified":"2016-10-11T11:19:00","modified_gmt":"2016-10-11T10:19:00","slug":"li-hem-dit-adeu-a-lautobus-quan-marxava-i-si-ens-tapem-els-ulls-tampoc-hi-es","status":"inherit","type":"attachment","link":"https:\/\/agora.xtec.cat\/cee-laginesta\/li-hem-dit-adeu-a-lautobus-quan-marxava-i-si-ens-tapem-els-ulls-tampoc-hi-es\/","title":{"rendered":"li-hem-dit-adeu-a-lautobus-quan-marxava-i-si-ens-tapem-els-ulls-tampoc-hi-es"},"author":3,"featured_media":0,"comment_status":"open","ping_status":"closed","template":"","meta":{"_bbp_topic_count":0,"_bbp_reply_count":0,"_bbp_total_topic_count":0,"_bbp_total_reply_count":0,"_bbp_voice_count":0,"_bbp_anonymous_reply_count":0,"_bbp_topic_count_hidden":0,"_bbp_reply_count_hidden":0,"_bbp_forum_subforum_count":0},"class_list":["post-1586","attachment","type-attachment","status-inherit","hentry"],"description":{"rendered":"<p class=\"attachment\"><a href='https:\/\/agora.xtec.cat\/cee-laginesta\/wp-content\/uploads\/usu800\/2016\/10\/Li-hem-dit-ad\u00e9u-a-lautob\u00fas-quan-marxava-i-si-ens-tapem-els-ulls-tampoc-hi-\u00e9s.jpg'><img loading=\"lazy\" decoding=\"async\" width=\"300\" height=\"168\" src=\"https:\/\/agora.xtec.cat\/cee-laginesta\/wp-content\/uploads\/usu800\/2016\/10\/Li-hem-dit-ad\u00e9u-a-lautob\u00fas-quan-marxava-i-si-ens-tapem-els-ulls-tampoc-hi-\u00e9s-300x168.jpg\" class=\"attachment-medium size-medium\" alt=\"\" srcset=\"https:\/\/agora.xtec.cat\/cee-laginesta\/wp-content\/uploads\/usu800\/2016\/10\/Li-hem-dit-ad\u00e9u-a-lautob\u00fas-quan-marxava-i-si-ens-tapem-els-ulls-tampoc-hi-\u00e9s-300x168.jpg 300w, https:\/\/agora.xtec.cat\/cee-laginesta\/wp-content\/uploads\/usu800\/2016\/10\/Li-hem-dit-ad\u00e9u-a-lautob\u00fas-quan-marxava-i-si-ens-tapem-els-ulls-tampoc-hi-\u00e9s-768x431.jpg 768w, https:\/\/agora.xtec.cat\/cee-laginesta\/wp-content\/uploads\/usu800\/2016\/10\/Li-hem-dit-ad\u00e9u-a-lautob\u00fas-quan-marxava-i-si-ens-tapem-els-ulls-tampoc-hi-\u00e9s.jpg 800w\" sizes=\"auto, (max-width: 300px) 100vw, 300px\" \/><\/a><\/p>\n"},"caption":{"rendered":"<p><a href='https:\/\/agora.xtec.cat\/cee-laginesta\/wp-content\/uploads\/usu800\/2016\/10\/Li-hem-dit-ad\u00e9u-a-lautob\u00fas-quan-marxava-i-si-ens-tapem-els-ulls-tampoc-hi-\u00e9s.jpg'><\/a><\/p>\n"},"alt_text":"","media_type":"image","mime_type":"image\/jpeg","media_details":{"width":800,"height":449,"file":"2016\/10\/Li-hem-dit-ad\u00e9u-a-lautob\u00fas-quan-marxava-i-si-ens-tapem-els-ulls-tampoc-hi-\u00e9s.jpg","sizes":{"thumbnail":{"file":"Li-hem-dit-ad\u00e9u-a-lautob\u00fas-quan-marxava-i-si-ens-tapem-els-ulls-tampoc-hi-\u00e9s-150x150.jpg","width":150,"height":150,"mime_type":"image\/jpeg","source_url":"https:\/\/agora.xtec.cat\/cee-laginesta\/wp-content\/uploads\/usu800\/2016\/10\/Li-hem-dit-ad\u00e9u-a-lautob\u00fas-quan-marxava-i-si-ens-tapem-els-ulls-tampoc-hi-\u00e9s-150x150.jpg"},"medium":{"file":"Li-hem-dit-ad\u00e9u-a-lautob\u00fas-quan-marxava-i-si-ens-tapem-els-ulls-tampoc-hi-\u00e9s-300x168.jpg","width":300,"height":168,"mime_type":"image\/jpeg","source_url":"https:\/\/agora.xtec.cat\/cee-laginesta\/wp-content\/uploads\/usu800\/2016\/10\/Li-hem-dit-ad\u00e9u-a-lautob\u00fas-quan-marxava-i-si-ens-tapem-els-ulls-tampoc-hi-\u00e9s-300x168.jpg"},"medium_large":{"file":"Li-hem-dit-ad\u00e9u-a-lautob\u00fas-quan-marxava-i-si-ens-tapem-els-ulls-tampoc-hi-\u00e9s-768x431.jpg","width":768,"height":431,"mime_type":"image\/jpeg","source_url":"https:\/\/agora.xtec.cat\/cee-laginesta\/wp-content\/uploads\/usu800\/2016\/10\/Li-hem-dit-ad\u00e9u-a-lautob\u00fas-quan-marxava-i-si-ens-tapem-els-ulls-tampoc-hi-\u00e9s-768x431.jpg"},"thumb-300":{"file":"Li-hem-dit-ad\u00e9u-a-lautob\u00fas-quan-marxava-i-si-ens-tapem-els-ulls-tampoc-hi-\u00e9s-300x250.jpg","width":300,"height":250,"mime_type":"image\/jpeg","source_url":"https:\/\/agora.xtec.cat\/cee-laginesta\/wp-content\/uploads\/usu800\/2016\/10\/Li-hem-dit-ad\u00e9u-a-lautob\u00fas-quan-marxava-i-si-ens-tapem-els-ulls-tampoc-hi-\u00e9s-300x250.jpg"},"thumb-200":{"file":"Li-hem-dit-ad\u00e9u-a-lautob\u00fas-quan-marxava-i-si-ens-tapem-els-ulls-tampoc-hi-\u00e9s-200x150.jpg","width":200,"height":150,"mime_type":"image\/jpeg","source_url":"https:\/\/agora.xtec.cat\/cee-laginesta\/wp-content\/uploads\/usu800\/2016\/10\/Li-hem-dit-ad\u00e9u-a-lautob\u00fas-quan-marxava-i-si-ens-tapem-els-ulls-tampoc-hi-\u00e9s-200x150.jpg"},"full":{"file":"Li-hem-dit-ad\u00e9u-a-lautob\u00fas-quan-marxava-i-si-ens-tapem-els-ulls-tampoc-hi-\u00e9s.jpg","width":800,"height":449,"mime_type":"image\/jpeg","source_url":"https:\/\/agora.xtec.cat\/cee-laginesta\/wp-content\/uploads\/usu800\/2016\/10\/Li-hem-dit-ad\u00e9u-a-lautob\u00fas-quan-marxava-i-si-ens-tapem-els-ulls-tampoc-hi-\u00e9s.jpg"}},"image_meta":{"aperture":"0","credit":"","camera":"","caption":"","created_timestamp":"0","copyright":"","focal_length":"0","iso":"0","shutter_speed":"0","title":"","orientation":"0","keywords":[]}},"post":null,"source_url":"https:\/\/agora.xtec.cat\/cee-laginesta\/wp-content\/uploads\/usu800\/2016\/10\/Li-hem-dit-ad\u00e9u-a-lautob\u00fas-quan-marxava-i-si-ens-tapem-els-ulls-tampoc-hi-\u00e9s.jpg","_links":{"self":[{"href":"https:\/\/agora.xtec.cat\/cee-laginesta\/wp-json\/wp\/v2\/media\/1586","targetHints":{"allow":["GET"]}}],"collection":[{"href":"https:\/\/agora.xtec.cat\/cee-laginesta\/wp-json\/wp\/v2\/media"}],"about":[{"href":"https:\/\/agora.xtec.cat\/cee-laginesta\/wp-json\/wp\/v2\/types\/attachment"}],"author":[{"embeddable":true,"href":"https:\/\/agora.xtec.cat\/cee-laginesta\/wp-json\/wp\/v2\/users\/3"}],"replies":[{"embeddable":true,"href":"https:\/\/agora.xtec.cat\/cee-laginesta\/wp-json\/wp\/v2\/comments?post=1586"}]}}