{"id":73,"date":"2014-09-18T14:01:51","date_gmt":"2014-09-18T13:01:51","guid":{"rendered":"http:\/\/agora.xtec.cat\/cee-jeronimoragas-cerdanyola\/?page_id=73"},"modified":"2022-03-02T11:17:55","modified_gmt":"2022-03-02T10:17:55","slug":"menjador-escolar","status":"publish","type":"page","link":"https:\/\/agora.xtec.cat\/cee-jeronimoragas-cerdanyola\/serveis\/menjador-escolar\/","title":{"rendered":"Menjador escolar"},"content":{"rendered":"<p><strong>NORMATIVA D&#8217;\u00daS<\/strong>:<\/p>\n<p>Per tal de poder fer \u00fas del menjador, cal que els alumnes <b>arribin a l\u2019escola abans de les 13.30h i avisar del retard abans de les 11.30h<\/b> per tal d\u2019elaborar l&#8217;\u00e0pat corresponent. <b>En cas de no poder ser, l\u2019entrada a l\u2019escola es far\u00e0 en horari de tarda a les 15h.<\/b><\/p>\n<p style=\"font-family: 'Helvetica Neue', Helvetica, Helvetica, Arial, sans-serif; font-size: 16px;\">En cas que algun alumne\/a segueixi alguna dieta espec\u00edfica i\/o pateixi algun tipus d\u2019al\u00b7l\u00e8rgia alimentaria ho heu de comunicar al centre i aportar l\u2019informe m\u00e8dic pertinent, per fer-ho arribar a l&#8217;empresa de menjador. Aix\u00ed mateix, haureu d&#8217;informar de qualsevol modificaci\u00f3 que pugui haver-hi.<\/p>\n<p>Recordeu que en les excursions de tot el dia, els alumnes de menjador tenen el seu pic-nic corresponent (adequat a les dietes i\/o pautes espec\u00edfiques d\u2019alimentaci\u00f3), en cas que tingueu qualsevol dubte i\/o suggeriment poseu-vos en contacte amb el centre.<\/p>\n<p><b><br \/>\nEntrevistes<\/b>: les fam\u00edlies que vulguin mantenir una entrevista amb la monitora del menjador haur\u00e0 de sol\u00b7licitar-ho pr\u00e8viament a trav\u00e9s de l\u2019agenda escolar.<\/p>\n<p>&nbsp;<\/p>\n<div class=\"CjVfdc\"><strong>AJUDES I GRATU\u00cfTATS:<\/strong><\/div>\n<div><\/div>\n<ul>\n<li class=\"CDt4Ke zfr3Q\" dir=\"ltr\"><span style=\"text-decoration: underline;\">Alumnes amb gratu\u00eftat<\/span>:<\/li>\n<\/ul>\n<p>Tots els alumnes de fora del municipi de Cerdanyola, tenen el menjador gratu\u00eft, ja que l&#8217;assumeix el Departament d&#8217;Educaci\u00f3, perqu\u00e8 s&#8217;han de despla\u00e7ar fora del seu municipi.<\/p>\n<ul>\n<li><span style=\"text-decoration: underline;\">Alumnes sense gratu\u00eftat<\/span>:<\/li>\n<\/ul>\n<p class=\"CDt4Ke zfr3Q\" dir=\"ltr\">Correspon al Consell Comarcal <a href=\"http:\/\/www.ccvoc.cat\/\">(http:\/\/www.ccvoc.cat\/)<\/a> l\u2019atorgament d\u2019ajuts individuals de menjador per raons socioeon\u00f2miques, d\u2019acord amb la disponibilitat pressupost\u00e0ria i la puntuaci\u00f3 derivada de la valoraci\u00f3 de les condicions socials, econ\u00f2miques, geogr\u00e0fiques i familiars dels sol\u00b7licitants.<\/p>\n<p class=\"CDt4Ke zfr3Q\" dir=\"ltr\">Abans de l\u2019inici de cada curs escolar es procedeix a la convocat\u00f2ria p\u00fablica per a l\u2019atorgament d\u2019aquests ajuts d\u2019acord amb les normatives aprovades i consensuades amb els ajuntaments. Aquestes normatives inclouen els criteris de baremaci\u00f3 de les sol\u00b7licituds per a la posterior adjudicaci\u00f3 d\u2019acord amb la puntuaci\u00f3 obtinguda.<\/p>\n<ul>\n<li style=\"list-style-type: none;\">\n<ul>\n<li class=\"CDt4Ke zfr3Q\" dir=\"ltr\"><strong>Qui pot demanar un ajut individual de menjador escolar? <\/strong>Els ajuts de menjador escolar del Consell Comarcal, el poden demanar aquells alumnes residents al municipi de Cerdanyola del Vall\u00e8s.<\/li>\n<li class=\"CDt4Ke zfr3Q\" dir=\"ltr\"><strong>Com demanar un ajut individual de menjador escolar?\u00a0<\/strong>Per demanar un ajut de menjador escolar (beca de menjador) l&#8217;escola far\u00e0 arribar via correu electr\u00f2nic la convocat\u00f2ria, on s&#8217;especifica la data d&#8217;entrega, i la sol\u00b7licitud de la beca, que les fam\u00edlies hauran de fer arribar a l&#8217;OAC.<\/li>\n<\/ul>\n<\/li>\n<\/ul>\n<p class=\"CDt4Ke zfr3Q\" dir=\"ltr\">Ens els casos d\u2019alumnes que no tinguin dret a gratu\u00eftat i tampoc rebin la beca de menjador del Consell Comarcal, <strong>l\u2019import del servei de menjador haur\u00e0 de ser assumit \u00edntegrament per la fam\u00edlia<\/strong>, segons el preu fixat per al menjador aquell curs.<\/p>\n<p>&nbsp;<\/p>\n","protected":false},"excerpt":{"rendered":"<p>NORMATIVA D&#8217;\u00daS:<br \/>\nPer tal de poder fer \u00fas del menjador, cal que els alumnes arribin a l\u2019escola abans de les 13.30h i avisar del retard abans de les 11.30h per tal d\u2019elaborar l&#8217;\u00e0pat corresponent. En cas de no poder ser, l\u2019entrada a l\u2019escola es far\u00e0 en&hellip;  <a href=\"https:\/\/agora.xtec.cat\/cee-jeronimoragas-cerdanyola\/serveis\/menjador-escolar\/\" title=\"Read Menjador escolar\">Llegeix m\u00e9s\u00bb<\/a><\/p>\n","protected":false},"author":1,"featured_media":0,"parent":66,"menu_order":30,"comment_status":"closed","ping_status":"closed","template":"page-templates\/side-menu.php","meta":{"_bbp_topic_count":0,"_bbp_reply_count":0,"_bbp_total_topic_count":0,"_bbp_total_reply_count":0,"_bbp_voice_count":0,"_bbp_anonymous_reply_count":0,"_bbp_topic_count_hidden":0,"_bbp_reply_count_hidden":0,"_bbp_forum_subforum_count":0,"footnotes":""},"class_list":["post-73","page","type-page","status-publish","hentry"],"post_mailing_queue_ids":[],"_links":{"self":[{"href":"https:\/\/agora.xtec.cat\/cee-jeronimoragas-cerdanyola\/wp-json\/wp\/v2\/pages\/73","targetHints":{"allow":["GET"]}}],"collection":[{"href":"https:\/\/agora.xtec.cat\/cee-jeronimoragas-cerdanyola\/wp-json\/wp\/v2\/pages"}],"about":[{"href":"https:\/\/agora.xtec.cat\/cee-jeronimoragas-cerdanyola\/wp-json\/wp\/v2\/types\/page"}],"author":[{"embeddable":true,"href":"https:\/\/agora.xtec.cat\/cee-jeronimoragas-cerdanyola\/wp-json\/wp\/v2\/users\/1"}],"replies":[{"embeddable":true,"href":"https:\/\/agora.xtec.cat\/cee-jeronimoragas-cerdanyola\/wp-json\/wp\/v2\/comments?post=73"}],"version-history":[{"count":3,"href":"https:\/\/agora.xtec.cat\/cee-jeronimoragas-cerdanyola\/wp-json\/wp\/v2\/pages\/73\/revisions"}],"predecessor-version":[{"id":936,"href":"https:\/\/agora.xtec.cat\/cee-jeronimoragas-cerdanyola\/wp-json\/wp\/v2\/pages\/73\/revisions\/936"}],"up":[{"embeddable":true,"href":"https:\/\/agora.xtec.cat\/cee-jeronimoragas-cerdanyola\/wp-json\/wp\/v2\/pages\/66"}],"wp:attachment":[{"href":"https:\/\/agora.xtec.cat\/cee-jeronimoragas-cerdanyola\/wp-json\/wp\/v2\/media?parent=73"}],"curies":[{"name":"wp","href":"https:\/\/api.w.org\/{rel}","templated":true}]}}