{"id":80,"date":"2014-09-18T14:09:48","date_gmt":"2014-09-18T12:09:48","guid":{"rendered":"http:\/\/agora.xtec.cat\/cee-canoriol\/?page_id=80"},"modified":"2026-01-01T14:54:16","modified_gmt":"2026-01-01T13:54:16","slug":"transport-escolar","status":"publish","type":"page","link":"https:\/\/agora.xtec.cat\/cee-canoriol\/serveis\/serveis-interns-de-centre\/transport-escolar\/","title":{"rendered":"Transport escolar"},"content":{"rendered":"<p style=\"text-align: justify;\">El servei de transport escolar del centre \u00e9s titularitat del Departament d\u2019Ensenyament de la Generalitat de Catalunya i \u00e9s gestionat pel Consell Comarcal del Vall\u00e8s Occidental.<\/p>\n<p style=\"text-align: justify;\">Actualment, l\u2019escola compta amb 8 rutes de transport escolar.<\/p>\n<p style=\"text-align: justify;\">El servei de transport escolar nom\u00e9s es duu a terme al mat\u00ed i a la tarda, coincidint amb l&#8217;entrada i sortida de l&#8217;escola. A l&#8217;horari del migdia no hi ha servei.<\/p>\n<p style=\"text-align: justify;\">El transport \u00e9s obligatori i subvencionat per l&#8217;alumnat de fora del municipi de Rub\u00ed. La resta de l&#8217;alumnat t\u00e9 l&#8217;opci\u00f3 de fer-ne \u00fas, no obligatori ni subvencionat, presentant pr\u00e8viament la sol\u00b7licitud d&#8217;alta al servei a trav\u00e9s de la direcci\u00f3 del centre educatiu.<\/p>\n<p>&nbsp;<\/p>\n<p><img loading=\"lazy\" decoding=\"async\" class=\"alignnone wp-image-895 size-full\" src=\"https:\/\/agora.xtec.cat\/cee-canoriol\/wp-content\/uploads\/usu1200\/2020\/10\/transport-escolar.jpg\" alt=\"\" width=\"2000\" height=\"922\" srcset=\"https:\/\/agora.xtec.cat\/cee-canoriol\/wp-content\/uploads\/usu1200\/2020\/10\/transport-escolar.jpg 2000w, https:\/\/agora.xtec.cat\/cee-canoriol\/wp-content\/uploads\/usu1200\/2020\/10\/transport-escolar-300x138.jpg 300w, https:\/\/agora.xtec.cat\/cee-canoriol\/wp-content\/uploads\/usu1200\/2020\/10\/transport-escolar-768x354.jpg 768w, https:\/\/agora.xtec.cat\/cee-canoriol\/wp-content\/uploads\/usu1200\/2020\/10\/transport-escolar-1024x472.jpg 1024w\" sizes=\"auto, (max-width: 2000px) 100vw, 2000px\" \/><\/p>\n<p>Al seg\u00fcent enlla\u00e7 trobareu el <a href=\"https:\/\/agora.xtec.cat\/cee-canoriol\/wp-content\/uploads\/usu1200\/2024\/07\/Pla_funcionament_transport_escolar_CEE-CA-NORIOL-3.pdf\">PLA DE FUNCIONAMENT DEL TRANSPORT ESCOLAR<\/a><\/p>\n<p>&nbsp;<\/p>\n<p>&nbsp;<\/p>\n","protected":false},"excerpt":{"rendered":"<p>El servei de transport escolar del centre \u00e9s titularitat del Departament d\u2019Ensenyament de la Generalitat de Catalunya i \u00e9s gestionat pel Consell Comarcal del Vall\u00e8s Occidental.<br \/>\nActualment, l\u2019escola compta amb 8 rutes de transport escolar.<br \/>\nEl servei de transport escolar nom\u00e9s es duu a terme al mat\u00ed&hellip;  <a href=\"https:\/\/agora.xtec.cat\/cee-canoriol\/serveis\/serveis-interns-de-centre\/transport-escolar\/\" title=\"Read Transport escolar\">Llegeix m\u00e9s\u00bb<\/a><\/p>\n","protected":false},"author":1,"featured_media":0,"parent":1206,"menu_order":1,"comment_status":"closed","ping_status":"closed","template":"page-templates\/side-menu.php","meta":{"_bbp_topic_count":0,"_bbp_reply_count":0,"_bbp_total_topic_count":0,"_bbp_total_reply_count":0,"_bbp_voice_count":0,"_bbp_anonymous_reply_count":0,"_bbp_topic_count_hidden":0,"_bbp_reply_count_hidden":0,"_bbp_forum_subforum_count":0,"footnotes":""},"class_list":["post-80","page","type-page","status-publish","hentry"],"post_mailing_queue_ids":[],"_links":{"self":[{"href":"https:\/\/agora.xtec.cat\/cee-canoriol\/wp-json\/wp\/v2\/pages\/80","targetHints":{"allow":["GET"]}}],"collection":[{"href":"https:\/\/agora.xtec.cat\/cee-canoriol\/wp-json\/wp\/v2\/pages"}],"about":[{"href":"https:\/\/agora.xtec.cat\/cee-canoriol\/wp-json\/wp\/v2\/types\/page"}],"author":[{"embeddable":true,"href":"https:\/\/agora.xtec.cat\/cee-canoriol\/wp-json\/wp\/v2\/users\/1"}],"replies":[{"embeddable":true,"href":"https:\/\/agora.xtec.cat\/cee-canoriol\/wp-json\/wp\/v2\/comments?post=80"}],"version-history":[{"count":6,"href":"https:\/\/agora.xtec.cat\/cee-canoriol\/wp-json\/wp\/v2\/pages\/80\/revisions"}],"predecessor-version":[{"id":1855,"href":"https:\/\/agora.xtec.cat\/cee-canoriol\/wp-json\/wp\/v2\/pages\/80\/revisions\/1855"}],"up":[{"embeddable":true,"href":"https:\/\/agora.xtec.cat\/cee-canoriol\/wp-json\/wp\/v2\/pages\/1206"}],"wp:attachment":[{"href":"https:\/\/agora.xtec.cat\/cee-canoriol\/wp-json\/wp\/v2\/media?parent=80"}],"curies":[{"name":"wp","href":"https:\/\/api.w.org\/{rel}","templated":true}]}}