{"id":34,"date":"2014-09-18T12:32:18","date_gmt":"2014-09-18T10:32:18","guid":{"rendered":"http:\/\/agora.xtec.cat\/cee-canoriol\/?page_id=34"},"modified":"2025-12-30T18:57:33","modified_gmt":"2025-12-30T17:57:33","slug":"oferta-educativa","status":"publish","type":"page","link":"https:\/\/agora.xtec.cat\/cee-canoriol\/lescola\/oferta-educativa\/","title":{"rendered":"Oferta educativa"},"content":{"rendered":"<p>&nbsp;<\/p>\n<p>El CEE Ca n&#8217;Oriol \u00e9s un centre p\u00fablic depenent del Departament d\u2019Ensenyament.<\/p>\n<p style=\"text-align: justify;\"><span style=\"font-weight: 400;\">L\u2019escola acull alumnes de 3 a 21 anys <\/span><i><span style=\"font-weight: 400;\">\u201camb necessitats educatives especials greus o severes que necessiten una elevada intensitat de suport educatiu i mesures curriculars, metodol\u00f2giques, organitzatives o psicopedag\u00f2giques altament individualitzades<\/span><\/i><span style=\"font-weight: 400;\">\u201d, tal com estableix el <\/span><b>Decret 150\/2017<\/b><span style=\"font-weight: 400;\">, de 17 d&#8217;octubre, de<\/span><i><span style=\"font-weight: 400;\"> \u201cl&#8217;atenci\u00f3 educativa a l&#8217;alumnat en el marc d&#8217;un sistema educatiu inclusiu\u201d.<\/span><\/i><\/p>\n<p>L\u2019alumnat que es matricula al nostre centre ho fa a partir del dictamen d\u2019escolaritzaci\u00f3 de l\u2019EAP, que \u00e9s l&#8217;informe fonamentat en una avaluaci\u00f3 psicopedag\u00f2gica en el qual es concreta la valoraci\u00f3 de les necessitats educatives especials de l&#8217;alumne\/a, la provisi\u00f3 de recursos que necessita per a rebre una resposta educativa adequada a les seves necessitats, les orientacions sobre la modalitat escolar i el per\u00edode o circumst\u00e0ncies que aconsellen la revisi\u00f3 de la proposta.<\/p>\n<p>Actualment, els alumnes del nostre centre presenten NEE derivades de:<\/p>\n<ul>\n<li>Discapacitat intel\u00b7lectual moderada, severa o profunda.<\/li>\n<li>TEA (Trastorn de l\u2019Espectre Autista)<\/li>\n<li>Pluridiscapacitat<\/li>\n<\/ul>\n<p>Per tal de donar una resposta educativa ajustada a les necessitats de cada alumne\/a, el nostre centre t\u00e9 elaborats diferents plans de treball espec\u00edfics.<\/p>\n<p>Cada alumne\/a t\u00e9 elaborat un Pla de Suport Individualitzat, que \u00e9s el document que recull les valoracions i la presa de decisions de l&#8217;equip docent sobre la planificaci\u00f3 de mesures, actuacions i suports necessaris per donar resposta a les seves necessitats educatives. Aquest document \u00e9s compartit amb les fam\u00edlies, amb una mirada de corresponsabilitat vers l&#8217;educaci\u00f3 i el desenvolupament m\u00e0xim de les capacitats del seu fill\/a.<\/p>\n<p><span style=\"font-weight: 400;\">Actualment, els alumnes s\u2019organitzen en 2 etapes educatives:<\/span><\/p>\n<ul>\n<li style=\"font-weight: 400;\" aria-level=\"1\"><span style=\"font-weight: 400;\">Etapa d\u2019infantil i prim\u00e0ria<\/span><\/li>\n<li style=\"font-weight: 400;\" aria-level=\"1\"><span style=\"font-weight: 400;\">Etapa de secund\u00e0ria i Transici\u00f3 a la Vida Adulta<\/span><\/li>\n<\/ul>\n<p>Cada alumne\/a \u00e9s assignat a un grup tutoria.<\/p>\n<p><span style=\"font-weight: 400;\">La distribuci\u00f3 dels alumnes en els diferents grups es fa tenint en compte els seg\u00fcents criteris:<\/span><\/p>\n<ul>\n<li style=\"font-weight: 400;\" aria-level=\"1\"><span style=\"font-weight: 400;\">Edat cronol\u00f2gica<\/span><\/li>\n<li style=\"font-weight: 400;\" aria-level=\"1\"><span style=\"font-weight: 400;\">Necessitats educatives de l\u2019alumnat<\/span><\/li>\n<li style=\"font-weight: 400;\" aria-level=\"1\"><span style=\"font-weight: 400;\">Nivell d\u2019autonomia de l\u2019alumnat<\/span><\/li>\n<\/ul>\n<p>&nbsp;<\/p>\n<p>&nbsp;<\/p>\n<p>&nbsp;<\/p>\n","protected":false},"excerpt":{"rendered":"<p>&nbsp;<br \/>\nEl CEE Ca n&#8217;Oriol \u00e9s un centre p\u00fablic depenent del Departament d\u2019Ensenyament.<br \/>\nL\u2019escola acull alumnes de 3 a 21 anys \u201camb necessitats educatives especials greus o severes que necessiten una elevada intensitat de suport educatiu i mesures curriculars, metodol\u00f2giques, organitzatives o psicopedag\u00f2giques altament individualitzades\u201d, tal com&hellip;  <a href=\"https:\/\/agora.xtec.cat\/cee-canoriol\/lescola\/oferta-educativa\/\" title=\"Read Oferta educativa\">Llegeix m\u00e9s\u00bb<\/a><\/p>\n","protected":false},"author":1,"featured_media":0,"parent":22,"menu_order":4,"comment_status":"closed","ping_status":"closed","template":"page-templates\/side-menu.php","meta":{"_bbp_topic_count":0,"_bbp_reply_count":0,"_bbp_total_topic_count":0,"_bbp_total_reply_count":0,"_bbp_voice_count":0,"_bbp_anonymous_reply_count":0,"_bbp_topic_count_hidden":0,"_bbp_reply_count_hidden":0,"_bbp_forum_subforum_count":0,"footnotes":""},"class_list":["post-34","page","type-page","status-publish","hentry"],"post_mailing_queue_ids":[],"_links":{"self":[{"href":"https:\/\/agora.xtec.cat\/cee-canoriol\/wp-json\/wp\/v2\/pages\/34","targetHints":{"allow":["GET"]}}],"collection":[{"href":"https:\/\/agora.xtec.cat\/cee-canoriol\/wp-json\/wp\/v2\/pages"}],"about":[{"href":"https:\/\/agora.xtec.cat\/cee-canoriol\/wp-json\/wp\/v2\/types\/page"}],"author":[{"embeddable":true,"href":"https:\/\/agora.xtec.cat\/cee-canoriol\/wp-json\/wp\/v2\/users\/1"}],"replies":[{"embeddable":true,"href":"https:\/\/agora.xtec.cat\/cee-canoriol\/wp-json\/wp\/v2\/comments?post=34"}],"version-history":[{"count":6,"href":"https:\/\/agora.xtec.cat\/cee-canoriol\/wp-json\/wp\/v2\/pages\/34\/revisions"}],"predecessor-version":[{"id":1838,"href":"https:\/\/agora.xtec.cat\/cee-canoriol\/wp-json\/wp\/v2\/pages\/34\/revisions\/1838"}],"up":[{"embeddable":true,"href":"https:\/\/agora.xtec.cat\/cee-canoriol\/wp-json\/wp\/v2\/pages\/22"}],"wp:attachment":[{"href":"https:\/\/agora.xtec.cat\/cee-canoriol\/wp-json\/wp\/v2\/media?parent=34"}],"curies":[{"name":"wp","href":"https:\/\/api.w.org\/{rel}","templated":true}]}}