{"id":28,"date":"2014-09-18T12:29:35","date_gmt":"2014-09-18T10:29:35","guid":{"rendered":"http:\/\/agora.xtec.cat\/cee-canoriol\/?page_id=28"},"modified":"2025-09-15T11:26:35","modified_gmt":"2025-09-15T09:26:35","slug":"organigrama","status":"publish","type":"page","link":"https:\/\/agora.xtec.cat\/cee-canoriol\/lescola\/organigrama\/","title":{"rendered":"Organigrama"},"content":{"rendered":"<p><img loading=\"lazy\" decoding=\"async\" class=\"aligncenter wp-image-863 size-full\" src=\"https:\/\/agora.xtec.cat\/cee-canoriol\/wp-content\/uploads\/usu1200\/2020\/10\/organigrama.jpg\" alt=\"\" width=\"2000\" height=\"1170\" srcset=\"https:\/\/agora.xtec.cat\/cee-canoriol\/wp-content\/uploads\/usu1200\/2020\/10\/organigrama.jpg 2000w, https:\/\/agora.xtec.cat\/cee-canoriol\/wp-content\/uploads\/usu1200\/2020\/10\/organigrama-300x176.jpg 300w, https:\/\/agora.xtec.cat\/cee-canoriol\/wp-content\/uploads\/usu1200\/2020\/10\/organigrama-768x449.jpg 768w, https:\/\/agora.xtec.cat\/cee-canoriol\/wp-content\/uploads\/usu1200\/2020\/10\/organigrama-1024x599.jpg 1024w\" sizes=\"auto, (max-width: 2000px) 100vw, 2000px\" \/><\/p>\n<p>&nbsp;<\/p>\n<hr \/>\n<h2>EQUIP DIRECTIU<\/h2>\n<h4>Directora<\/h4>\n<p>Yolanda Fari\u00f1as<\/p>\n<h4>Cap d&#8217;estudis<\/h4>\n<p>Mireia Mart\u00ednez<\/p>\n<h4>Secret\u00e0ria<\/h4>\n<p>Empar Jim\u00e9nez<\/p>\n<hr \/>\n<h2>EQUIP DE GESTI\u00d3<\/h2>\n<h4>Directora<\/h4>\n<p>Yolanda Fari\u00f1as<\/p>\n<h4>Cap d&#8217;estudis<\/h4>\n<p>Mireia Mart\u00ednez<\/p>\n<h4>Secret\u00e0ria<\/h4>\n<p>Empar Jim\u00e9nez<\/p>\n<h4>Referent de l&#8217;IE Teresa Altet<\/h4>\n<p>Agn\u00e8s Mart\u00ednez<\/p>\n<h4>Coordinador de l&#8217;etapa d&#8217;Infantil i Prim\u00e0ria<\/h4>\n<p>V\u00edctor Gonz\u00e1lez<\/p>\n<h4>Coordinadora de l&#8217;etapa de Secund\u00e0ria i TVA<\/h4>\n<p>Soledad Jim\u00e9nez<\/p>\n<h2>EQUIP DE GESTI\u00d3 PEDAG\u00d2GIC<\/h2>\n<h4>Directora<\/h4>\n<p>Yolanda Fari\u00f1as<\/p>\n<h4>Cap d&#8217;estudis<\/h4>\n<p>Mireia Mart\u00ednez<\/p>\n<h4>Secret\u00e0ria<\/h4>\n<p>Empar Jim\u00e9nez<\/p>\n<h4>Referent de l&#8217;IE Teresa Altet<\/h4>\n<p>Agn\u00e8s Mart\u00ednez<\/p>\n<h4>Coordinador de l&#8217;etapa d&#8217;Infantil i Prim\u00e0ria<\/h4>\n<p>V\u00edctor Gonz\u00e1lez<\/p>\n<h4>Coordinadora de l&#8217;etapa de Secund\u00e0ria i TVA<\/h4>\n<p>Soledad Jim\u00e9nez<\/p>\n<h4>Coordinadora d&#8217;Educaci\u00f3 Art\u00edstica<\/h4>\n<p>Ana Gimeno<\/p>\n<h4>Coordinadora d&#8217;estimulaci\u00f3 sensorial<\/h4>\n<p>Edurne Romero<\/p>\n<h4>Coordinadora de l&#8217;equip de Mestres d&#8217;Audici\u00f3 i Llenguatge<\/h4>\n<p>Raquel Escudero<\/p>\n<h4>Coordinadora de l&#8217;estrat\u00e8gia digital de centre<\/h4>\n<p>Andrea Oltra<\/p>\n<h4>Coordinadora de l&#8217;equip del Personal d&#8217;Atenci\u00f3 Educativa<\/h4>\n<p>Judit D\u00edaz<\/p>\n<h4>Coordinadora TEACCH\/STO<\/h4>\n<p>J\u00falia Rial \/ Aida Soriano<\/p>\n<hr \/>\n<h2>PERSONAL DOCENT<\/h2>\n<h4>MESTRES TUTORS\/ES<\/h4>\n<h5><span style=\"color: #000000;\">Etapa d&#8217;educaci\u00f3 infantil i prim\u00e0ria<\/span><\/h5>\n<h6>GRUP 1<\/h6>\n<p>Marta Perell\u00f3<\/p>\n<h6>GRUP 2<\/h6>\n<p>Agn\u00e8s Mart\u00ednez<\/p>\n<h6>GRUP 3<\/h6>\n<p>Loli Santos<\/p>\n<h6>GRUP 4<\/h6>\n<p>V\u00edctor Gonz\u00e1lez<\/p>\n<h6>GRUP 5<\/h6>\n<p><span style=\"color: #000000;\">Alba S\u00e1nchez \/ Raquel Valverde<\/span><\/p>\n<h6>GRUP 6<\/h6>\n<p><span style=\"color: #000000;\">Maria Burgos<\/span><\/p>\n<h5><span style=\"color: #000000;\">Etapa de secund\u00e0ria i TVA<\/span><\/h5>\n<h6>GRUP 7<\/h6>\n<p>Andrea Garcia<\/p>\n<h6>GRUP 8<\/h6>\n<p>Soledad Jim\u00e9nez<\/p>\n<h6>GRUP 9<\/h6>\n<p>Lara Sol\u00e0<\/p>\n<h6>GRUP 10<\/h6>\n<p>Andrea Oltra<\/p>\n<h6>GRUP 11<\/h6>\n<p>Mireia Ferrer<\/p>\n<h6>GRUP 12<\/h6>\n<p><span style=\"color: #000000;\">Daniel Pahisa<\/span><\/p>\n<h6>GRUP 13<\/h6>\n<p>Aida Rovira<\/p>\n<h6>GRUP 14<\/h6>\n<p>Mireia Arbon\u00e8s<\/p>\n<h6>GRUP MxI (CEEPSIR)<\/h6>\n<p>Cristina Ferrer<\/p>\n<h4>MESTRES ESPECIALISTES<\/h4>\n<h5><span style=\"color: #000000;\">Mestres especialistes d&#8217;audici\u00f3 i llenguatge<\/span><\/h5>\n<p>Laura Boj<\/p>\n<p>Raquel Escudero<\/p>\n<p>Isabel Gonz\u00e1lez<\/p>\n<p>Cl\u00e0udia Puerta<\/p>\n<h5><span style=\"color: #000000;\">Mestra especialista d&#8217;Educaci\u00f3 Art\u00edstica &#8211; Visual i Pl\u00e0stica<\/span><\/h5>\n<p><span style=\"color: #000000;\">N\u00faria Casteleiro<\/span><\/p>\n<h5><span style=\"color: #000000;\">Mestra especialista d&#8217;Educaci\u00f3 Art\u00edstica &#8211; M\u00fasica<\/span><\/h5>\n<p>Ana Gimeno<\/p>\n<h5><span style=\"color: #000000;\">Mestra especialista d&#8217;Estimulaci\u00f3 sensorial<\/span><\/h5>\n<p>Edurne Romero<\/p>\n<h5><span style=\"color: #000000;\">Mestres de suport<\/span><\/h5>\n<p>Ivette Altay\u00f3<\/p>\n<p>Yolanda Fari\u00f1as<\/p>\n<p>Empar Jim\u00e9nez<\/p>\n<p>Gemma Juv\u00e9<\/p>\n<p>Arantxa Mart\u00ednez<\/p>\n<p>Mireia Mart\u00ednez<\/p>\n<p>Jes\u00fas Soriano<\/p>\n<hr \/>\n<h2>PERSONAL D&#8217;ATENCI\u00d3 EDUCATIVA<\/h2>\n<p>Judit D\u00edaz<\/p>\n<p>Noelia Fern\u00e1ndez<\/p>\n<p>Dani Garcia<\/p>\n<p>J\u00falia Rial<\/p>\n<p>Alejandro Santiago<\/p>\n<p>Aida Soriano<\/p>\n<p>Marina Victorio<\/p>\n<p>Ma\u00eblle Vigneau<\/p>\n<p><span style=\"color: #808080;\"><em>Pendent d&#8217;assignar<\/em><\/span><\/p>\n<hr \/>\n<h2>PERSONAL D&#8217;ADMINISTRACI\u00d3 I SERVEIS<\/h2>\n<h4>Conserge<\/h4>\n<p>Gemma Le\u00f3n<\/p>\n<h4>Administrativa<\/h4>\n<p>Susana Mendos<\/p>\n<h4>Servei de menjador i lleure<\/h4>\n<h6>CUINER<\/h6>\n<p>Sonia Gamero<\/p>\n<h6>EQUIP DE MONITORS\/ES<\/h6>\n<p>Silvia Contreras &#8211; coordinadora del servei<\/p>\n<p>15 monitors\/es<\/p>\n<h4>Personal de neteja<\/h4>\n<p>Consuelo Navas<\/p>\n<hr \/>\n<h2>SERVEIS D&#8217;ASSESSORAMENT I SERVEIS EXTERNS<\/h2>\n<h4>Fisioterapeutes (EAP)<\/h4>\n<p>Anna Casas<\/p>\n<p><span style=\"color: #999999;\"><em>2 pendents assignar<\/em><\/span><\/p>\n<h4>Psicopedagog (EAP)<\/h4>\n<p>\u00d3scar del Barrio<\/p>\n<h4>Psic\u00f2loga cl\u00ednica CSMIJ<\/h4>\n<p>Anna Garcia<\/p>\n<h4>Assessora CRP Joan Amades (CRDV)<\/h4>\n<p>Andrea Mendoza<\/p>\n<p>&nbsp;<\/p>\n<hr \/>\n<h2>CONSELL ESCOLAR<\/h2>\n<h4>Presidenta<\/h4>\n<p>Yolanda Fari\u00f1as<\/p>\n<h4>Cap d&#8217;estudis<\/h4>\n<p>Mireia Mart\u00ednez<\/p>\n<h4>Secret\u00e0ria<\/h4>\n<p>Empar Jim\u00e9nez<\/p>\n<h4>Representant de l&#8217;Ajuntament<\/h4>\n<p>Maria Vilajosana<\/p>\n<h4>Representants sector Professors<\/h4>\n<p>Raquel Escudero \/ <span style=\"font-family: inherit; font-size: 1em;\">J\u00e9ssica Gonz\u00e1lez \/ <em>2<span style=\"color: #000000;\"> representants pendents d&#8217;elecci\u00f3<\/span><\/em><\/span><\/p>\n<h4>Representants sector fam\u00edlies<\/h4>\n<p>Sergio Alqu\u00e9zar \/ Maite Auge \/ <span style=\"font-family: inherit; font-size: 1em;\">Carmen Fr\u00edas \/ <\/span>Albert Regatero<\/p>\n<h4>Representant AMPA<\/h4>\n<p>Xavier Gim\u00e9nez<\/p>\n<h4>Representant sector PAS<\/h4>\n<p>Susana Mendos<\/p>\n<h4>Representant sector PAE<\/h4>\n<p>J\u00falia Rial<\/p>\n","protected":false},"excerpt":{"rendered":"<p>&nbsp;<\/p>\n<p>EQUIP DIRECTIU<br \/>\nDirectora<br \/>\nYolanda Fari\u00f1as<br \/>\nCap d&#8217;estudis<br \/>\nMireia Mart\u00ednez<br \/>\nSecret\u00e0ria<br \/>\nEmpar Jim\u00e9nez<\/p>\n<p>EQUIP DE GESTI\u00d3<br \/>\nDirectora<br \/>\nYolanda Fari\u00f1as<br \/>\nCap d&#8217;estudis<br \/>\nMireia Mart\u00ednez<br \/>\nSecret\u00e0ria<br \/>\nEmpar Jim\u00e9nez<br \/>\nReferent de l&#8217;IE Teresa Altet<br \/>\nAgn\u00e8s Mart\u00ednez<br \/>\nCoordinador de l&#8217;etapa d&#8217;Infantil i Prim\u00e0ria<br \/>\nV\u00edctor Gonz\u00e1lez<br \/>\nCoordinadora de l&#8217;etapa de Secund\u00e0ria i TVA<br \/>\nSoledad Jim\u00e9nez<br \/>\nEQUIP DE GESTI\u00d3 PEDAG\u00d2GIC<br \/>\nDirectora<br \/>\nYolanda Fari\u00f1as<br \/>\nCap d&#8217;estudis<br \/>\nMireia Mart\u00ednez<br \/>\nSecret\u00e0ria<br \/>\nEmpar Jim\u00e9nez<br \/>\nReferent de l&#8217;IE Teresa Altet<br \/>\nAgn\u00e8s Mart\u00ednez<br \/>\nCoordinador de l&#8217;etapa d&#8217;Infantil&hellip;  <a href=\"https:\/\/agora.xtec.cat\/cee-canoriol\/lescola\/organigrama\/\" title=\"Read Organigrama\">Llegeix m\u00e9s\u00bb<\/a><\/p>\n","protected":false},"author":1,"featured_media":0,"parent":22,"menu_order":3,"comment_status":"closed","ping_status":"closed","template":"page-templates\/side-menu.php","meta":{"_bbp_topic_count":0,"_bbp_reply_count":0,"_bbp_total_topic_count":0,"_bbp_total_reply_count":0,"_bbp_voice_count":0,"_bbp_anonymous_reply_count":0,"_bbp_topic_count_hidden":0,"_bbp_reply_count_hidden":0,"_bbp_forum_subforum_count":0,"footnotes":""},"class_list":["post-28","page","type-page","status-publish","hentry"],"post_mailing_queue_ids":[],"_links":{"self":[{"href":"https:\/\/agora.xtec.cat\/cee-canoriol\/wp-json\/wp\/v2\/pages\/28","targetHints":{"allow":["GET"]}}],"collection":[{"href":"https:\/\/agora.xtec.cat\/cee-canoriol\/wp-json\/wp\/v2\/pages"}],"about":[{"href":"https:\/\/agora.xtec.cat\/cee-canoriol\/wp-json\/wp\/v2\/types\/page"}],"author":[{"embeddable":true,"href":"https:\/\/agora.xtec.cat\/cee-canoriol\/wp-json\/wp\/v2\/users\/1"}],"replies":[{"embeddable":true,"href":"https:\/\/agora.xtec.cat\/cee-canoriol\/wp-json\/wp\/v2\/comments?post=28"}],"version-history":[{"count":5,"href":"https:\/\/agora.xtec.cat\/cee-canoriol\/wp-json\/wp\/v2\/pages\/28\/revisions"}],"predecessor-version":[{"id":1816,"href":"https:\/\/agora.xtec.cat\/cee-canoriol\/wp-json\/wp\/v2\/pages\/28\/revisions\/1816"}],"up":[{"embeddable":true,"href":"https:\/\/agora.xtec.cat\/cee-canoriol\/wp-json\/wp\/v2\/pages\/22"}],"wp:attachment":[{"href":"https:\/\/agora.xtec.cat\/cee-canoriol\/wp-json\/wp\/v2\/media?parent=28"}],"curies":[{"name":"wp","href":"https:\/\/api.w.org\/{rel}","templated":true}]}}