{"id":2,"date":"2014-09-12T11:10:47","date_gmt":"2014-09-12T09:10:47","guid":{"rendered":"http:\/\/agora.xtec.cat\/cee-canoriol\/?page_id=2"},"modified":"2023-07-20T19:33:58","modified_gmt":"2023-07-20T17:33:58","slug":"ampa","status":"publish","type":"page","link":"https:\/\/agora.xtec.cat\/cee-canoriol\/ampa\/","title":{"rendered":"AMPA"},"content":{"rendered":"<h2><strong>QUI SOM?<\/strong><\/h2>\n<p><span style=\"font-weight: 400;\">L&#8217;AMPA la formem totes <\/span><span style=\"font-weight: 400;\">les <\/span><span style=\"font-weight: 400;\">fam\u00edlies <\/span><span style=\"font-weight: 400;\">dels\/les <\/span><span style=\"font-weight: 400;\">alumnes <\/span><span style=\"font-weight: 400;\">de l&#8217;escola. <\/span><\/p>\n<p style=\"text-align: justify;\"><span style=\"font-weight: 400;\">Dins de l&#8217;AMPA hi ha uns representants,<\/span><span style=\"font-weight: 400;\"> que s\u00f3n els encarregats de treballar de forma directa amb l&#8217;escola i les diferents administracions p\u00fabliques implicades en el proc\u00e9s educatiu dels nostres fills i filles.<\/span><\/p>\n<p>Els representants de l&#8217;AMPA es reuneixen de manera peri\u00f2dica amb l&#8217;equip directiu del centre.<\/p>\n<p>Actualment, els membres de la Junta Directiva de l&#8217;AMPA s\u00f3n:<\/p>\n<ul class=\"grid-column\">\n<li>\n<h4><span style=\"color: #99cc00;\">President<\/span><\/h4>\n<p>Llu\u00eds Cabr\u00e9<\/li>\n<li>\n<h4><span style=\"color: #99cc00;\">Secret\u00e0ria<\/span><\/h4>\n<p>Maite Aug\u00e9<\/li>\n<li>\n<h4><span style=\"color: #99cc00;\">Tresorer<\/span><\/h4>\n<p>Xavier Gim\u00e9nez<\/li>\n<\/ul>\n<h2><\/h2>\n<h2><strong>QU\u00c8 FEM?<\/strong><\/h2>\n<ul style=\"list-style-type: square;\">\n<li><span style=\"font-weight: 400;\">Organitzem <\/span><span style=\"font-weight: 400;\">el <\/span><span style=\"font-weight: 400;\">casal <\/span><span style=\"font-weight: 400;\">d&#8217;estiu <\/span><span style=\"font-weight: 400;\">(<\/span><span style=\"font-weight: 400;\">subvencionat parcialment <\/span><span style=\"font-weight: 400;\">per <\/span><span style=\"font-weight: 400;\">l&#8217;Ajuntament de Rub\u00ed<\/span><span style=\"font-weight: 400;\">)<\/span><span style=\"font-weight: 400;\">. <\/span><\/li>\n<li><span style=\"font-weight: 400;\">Organitzem <\/span><span style=\"font-weight: 400;\">els <\/span><span style=\"font-weight: 400;\">casals <\/span><span style=\"font-weight: 400;\">vacacionals <\/span><span style=\"font-weight: 400;\">de Setembre, Nadal i S<\/span><span style=\"font-weight: 400;\">etmana <\/span><span style=\"font-weight: 400;\">Santa <\/span><span style=\"font-weight: 400;\">(<\/span><span style=\"font-weight: 400;\">subvencionats parcialment per l&#8217;Ajuntament de Rub\u00ed)<\/span><span style=\"font-weight: 400;\">.\u00a0<\/span><\/li>\n<li><span style=\"font-weight: 400;\">Organitzem, conjuntament amb l&#8217;escola, <\/span><span style=\"font-weight: 400;\">la f<\/span><span style=\"font-weight: 400;\">esta <\/span><span style=\"font-weight: 400;\">de <\/span><span style=\"font-weight: 400;\">final <\/span><span style=\"font-weight: 400;\">de <\/span><span style=\"font-weight: 400;\">curs per les fam\u00edlies.<\/span><span style=\"font-weight: 400;\">\u00a0<\/span><\/li>\n<li><span style=\"font-weight: 400;\">Organitzem la panera <\/span><span style=\"font-weight: 400;\">de <\/span><span style=\"font-weight: 400;\">Nadal<\/span><span style=\"font-weight: 400;\">, amb l&#8217;objectiu de re<\/span><span style=\"font-weight: 400;\">captar <\/span><span style=\"font-weight: 400;\">fons<\/span><span style=\"font-weight: 400;\">.\u00a0<\/span><\/li>\n<li><span style=\"font-weight: 400;\">Col\u00b7laborem amb l&#8217;escola en l&#8217;adquisici\u00f3 de nou material pedag\u00f2gic.<\/span><\/li>\n<li><span style=\"font-weight: 400;\">Invertim <\/span><span style=\"font-weight: 400;\">en <\/span><span style=\"font-weight: 400;\">nous <\/span><span style=\"font-weight: 400;\">projectes <\/span><span style=\"font-weight: 400;\">d&#8217;escola<\/span><span style=\"font-weight: 400;\">.\u00a0<\/span><\/li>\n<li>Oferim serveis de canguratge en reunions d&#8217;escola.<\/li>\n<li><span style=\"font-weight: 400;\">Col\u00b7laborem <\/span><span style=\"font-weight: 400;\">amb <\/span><span style=\"font-weight: 400;\">APDIR <\/span><span style=\"font-weight: 400;\">per <\/span><span style=\"font-weight: 400;\">organitzar <\/span><span style=\"font-weight: 400;\">Respirs de <\/span><span style=\"font-weight: 400;\">cap <\/span><span style=\"font-weight: 400;\">de <\/span><span style=\"font-weight: 400;\">setmana<\/span><span style=\"font-weight: 400;\">, el C<\/span><span style=\"font-weight: 400;\">asal <\/span><span style=\"font-weight: 400;\">de <\/span><span style=\"font-weight: 400;\">dissabtes <\/span><span style=\"font-weight: 400;\">i diferents a<\/span><span style=\"font-weight: 400;\">ctivitats organitzades per l&#8217;associaci\u00f3<\/span><span style=\"font-weight: 400;\">.\u00a0<\/span><\/li>\n<\/ul>\n<h6 style=\"text-align: center;\">En definitiva <strong>AJUDEM<\/strong> als nostres fills i filles!<\/h6>\n<h2><\/h2>\n<h2><strong>VOLS CONTACTAR?<\/strong><\/h2>\n<p>L\u2019AMPA est\u00e0 oberta a propostes de millora i suggeriments que ens vulgueu fer arribar, aix\u00ed com a qualsevol tipus de col\u00b7laboraci\u00f3.<\/p>\n<p>Podeu contactar amb nosaltres a trav\u00e9s del correu electr\u00f2nic:<\/p>\n<table style=\"border-collapse: collapse; width: 49.9987%;\">\n<tbody>\n<tr>\n<td style=\"width: 21.9757%;\"><img loading=\"lazy\" decoding=\"async\" class=\"aligncenter wp-image-1133\" src=\"https:\/\/agora.xtec.cat\/cee-canoriol\/wp-content\/uploads\/usu1200\/2023\/04\/outline-email-icon-isolated-on-grey-background-open-envelope-pictogram-line-mail-symbol-for-website-design-mobile-application-ui-illustration-eps10-free-vector.jpg\" alt=\"\" width=\"99\" height=\"99\" srcset=\"https:\/\/agora.xtec.cat\/cee-canoriol\/wp-content\/uploads\/usu1200\/2023\/04\/outline-email-icon-isolated-on-grey-background-open-envelope-pictogram-line-mail-symbol-for-website-design-mobile-application-ui-illustration-eps10-free-vector.jpg 980w, https:\/\/agora.xtec.cat\/cee-canoriol\/wp-content\/uploads\/usu1200\/2023\/04\/outline-email-icon-isolated-on-grey-background-open-envelope-pictogram-line-mail-symbol-for-website-design-mobile-application-ui-illustration-eps10-free-vector-300x300.jpg 300w, https:\/\/agora.xtec.cat\/cee-canoriol\/wp-content\/uploads\/usu1200\/2023\/04\/outline-email-icon-isolated-on-grey-background-open-envelope-pictogram-line-mail-symbol-for-website-design-mobile-application-ui-illustration-eps10-free-vector-150x150.jpg 150w, https:\/\/agora.xtec.cat\/cee-canoriol\/wp-content\/uploads\/usu1200\/2023\/04\/outline-email-icon-isolated-on-grey-background-open-envelope-pictogram-line-mail-symbol-for-website-design-mobile-application-ui-illustration-eps10-free-vector-768x768.jpg 768w\" sizes=\"auto, (max-width: 99px) 100vw, 99px\" \/><\/td>\n<td style=\"width: 32.4276%;\">\n<h6>ampaceecanoriol@gmail.com<\/h6>\n<\/td>\n<\/tr>\n<\/tbody>\n<\/table>\n<p>Tamb\u00e9 podeu consultar el nostre blog:<\/p>\n<table style=\"border-collapse: collapse; width: 49.8856%;\">\n<tbody>\n<tr>\n<td style=\"width: 17.1591%;\"><img loading=\"lazy\" decoding=\"async\" class=\"aligncenter wp-image-1134\" src=\"https:\/\/agora.xtec.cat\/cee-canoriol\/wp-content\/uploads\/usu1200\/2023\/04\/4693244.png\" alt=\"\" width=\"84\" height=\"84\" \/><\/td>\n<td style=\"width: 32.7273%;\"><strong>https:\/\/ampaceecanoriol.blogspot.com<\/strong><\/td>\n<\/tr>\n<\/tbody>\n<\/table>\n<p>Tenim un grup de whatsapp. Si en vols formar part nom\u00e9s ens ho has de comunicar!<\/p>\n<h6><\/h6>\n<p>&nbsp;<\/p>\n<h3 style=\"text-align: center;\">AJUDEM ALS\/LES NOSTRES FILLS\/ES!<\/h3>\n<h3 style=\"text-align: center;\">UNIU-VOS A L&#8217;AMPA, US HI ESPEREM!<\/h3>\n<hr \/>\n<p style=\"text-align: center;\"><a href=\"http:\/\/ampaceecanoriol.blogspot.com\/\" target=\"_blank\" rel=\"noopener noreferrer\"><img loading=\"lazy\" decoding=\"async\" class=\"alignnone wp-image-593\" src=\"https:\/\/agora.xtec.cat\/cee-canoriol\/wp-content\/uploads\/usu1200\/2019\/12\/blog.jpg\" alt=\"\" width=\"30\" height=\"30\" \/><\/a><a href=\"http:\/\/ampaceecanoriol.blogspot.com\/\"> Visita el Blog de l&#8217;AMPA<\/a> | <a href=\"https:\/\/www.facebook.com\/ampacanoriol\/\"><img loading=\"lazy\" decoding=\"async\" class=\"alignnone wp-image-594\" src=\"https:\/\/agora.xtec.cat\/cee-canoriol\/wp-content\/uploads\/usu1200\/2019\/12\/face.jpg\" alt=\"\" width=\"30\" height=\"30\" \/><\/a><a href=\"https:\/\/www.facebook.com\/ampacanoriol\/\"> Visita el Facebook de l&#8217;AMPA<\/a><\/p>\n","protected":false},"excerpt":{"rendered":"<p>QUI SOM?<br \/>\nL&#8217;AMPA la formem totes les fam\u00edlies dels\/les alumnes de l&#8217;escola.<br \/>\nDins de l&#8217;AMPA hi ha uns representants, que s\u00f3n els encarregats de treballar de forma directa amb l&#8217;escola i les diferents administracions p\u00fabliques implicades en el proc\u00e9s educatiu dels nostres fills i filles.<br \/>\nEls representants&hellip;  <a href=\"https:\/\/agora.xtec.cat\/cee-canoriol\/ampa\/\" title=\"Read AMPA\">Llegeix m\u00e9s\u00bb<\/a><\/p>\n","protected":false},"author":1,"featured_media":0,"parent":0,"menu_order":6,"comment_status":"closed","ping_status":"closed","template":"page-templates\/side-menu.php","meta":{"_bbp_topic_count":0,"_bbp_reply_count":0,"_bbp_total_topic_count":0,"_bbp_total_reply_count":0,"_bbp_voice_count":0,"_bbp_anonymous_reply_count":0,"_bbp_topic_count_hidden":0,"_bbp_reply_count_hidden":0,"_bbp_forum_subforum_count":0,"footnotes":""},"class_list":["post-2","page","type-page","status-publish","hentry"],"post_mailing_queue_ids":[],"_links":{"self":[{"href":"https:\/\/agora.xtec.cat\/cee-canoriol\/wp-json\/wp\/v2\/pages\/2","targetHints":{"allow":["GET"]}}],"collection":[{"href":"https:\/\/agora.xtec.cat\/cee-canoriol\/wp-json\/wp\/v2\/pages"}],"about":[{"href":"https:\/\/agora.xtec.cat\/cee-canoriol\/wp-json\/wp\/v2\/types\/page"}],"author":[{"embeddable":true,"href":"https:\/\/agora.xtec.cat\/cee-canoriol\/wp-json\/wp\/v2\/users\/1"}],"replies":[{"embeddable":true,"href":"https:\/\/agora.xtec.cat\/cee-canoriol\/wp-json\/wp\/v2\/comments?post=2"}],"version-history":[{"count":3,"href":"https:\/\/agora.xtec.cat\/cee-canoriol\/wp-json\/wp\/v2\/pages\/2\/revisions"}],"predecessor-version":[{"id":1150,"href":"https:\/\/agora.xtec.cat\/cee-canoriol\/wp-json\/wp\/v2\/pages\/2\/revisions\/1150"}],"wp:attachment":[{"href":"https:\/\/agora.xtec.cat\/cee-canoriol\/wp-json\/wp\/v2\/media?parent=2"}],"curies":[{"name":"wp","href":"https:\/\/api.w.org\/{rel}","templated":true}]}}