{"id":1301,"date":"2023-07-19T13:12:56","date_gmt":"2023-07-19T11:12:56","guid":{"rendered":"https:\/\/agora.xtec.cat\/cee-canoriol\/?page_id=1301"},"modified":"2023-07-21T13:07:19","modified_gmt":"2023-07-21T11:07:19","slug":"diagnosi","status":"publish","type":"page","link":"https:\/\/agora.xtec.cat\/cee-canoriol\/documents-de-centre\/edc\/estrategia-digital-de-centre\/diagnosi\/","title":{"rendered":"Diagnosi"},"content":{"rendered":"<h3><\/h3>\n<h3><span style=\"font-weight: 400;\">Eines utilitzades en la diagnosi<\/span><\/h3>\n<p><span style=\"font-weight: 400;\">A causa de les caracter\u00edstiques espec\u00edfiques del centre d\u2019educaci\u00f3 especial i del seu alumnat, per realitzar la diagnosi s\u2019han utilitzat priorit\u00e0riament formularis Google, que han perm\u00e8s adaptar-se amb m\u00e9s facilitat a les nostres necessitats de recollida d\u2019informaci\u00f3. <\/span><\/p>\n<p><span style=\"font-weight: 400;\">Els formularis que s&#8217;han realitzat han anat destinats als <span style=\"text-decoration: underline;\">professionals del centre<\/span> i a les <span style=\"text-decoration: underline;\">fam\u00edlies<\/span>:<\/span><\/p>\n<ul>\n<li style=\"font-weight: 400;\" aria-level=\"1\"><a href=\"https:\/\/docs.google.com\/forms\/d\/12_gzuqM3ed8Nvcpz37SZJ96d_DLt7zXi6TtVD3g_ZKo\/edit#responses\"><span style=\"font-weight: 400;\">q\u00fcestionaris pels professionals del centre<\/span><\/a><span style=\"font-weight: 400;\">\u00a0<\/span><\/li>\n<li style=\"font-weight: 400;\" aria-level=\"1\"><a href=\"https:\/\/docs.google.com\/forms\/d\/18lUPpr5b_35CbFlsNp9ilW_cQfXwl_KhiBypaFoqXug\/edit#responses\"><span style=\"font-weight: 400;\">q\u00fcestionaris per les fam\u00edlies.<\/span><\/a><\/li>\n<\/ul>\n<p><span style=\"font-weight: 400;\">Cal tenir en compte que les necessitats del centre d\u2019Educaci\u00f3 Especial s\u00f3n diferents de les d&#8217;un centre ordinari i, per tant, el formulari s\u2019ha hagut d\u2019adaptar de forma molt espec\u00edfica per donar una resposta m\u00e9s acurada a les necessitats de diagnosi i recollida d\u2019informaci\u00f3 del centre.<\/span><\/p>\n<p>&nbsp;<\/p>\n<h3><span style=\"font-weight: 400;\">Aspectes destacats de la diagnosi<\/span><\/h3>\n<p><span style=\"font-weight: 400;\">Amb la informaci\u00f3 extreta dels q\u00fcestionaris s&#8217;ha observat que, tot i haver treballat en cursos anteriors la compet\u00e8ncia digital docent des del centre, \u00e9s important continuar incidint en aquest \u00e0mbit, ja que \u00e9s necessari per millorar la implementaci\u00f3 a l\u2019aula de les estrat\u00e8gies i recursos digitals que tenim a l\u2019abast.\u00a0<\/span><\/p>\n<p><span style=\"font-weight: 400;\">A m\u00e9s a m\u00e9s, tamb\u00e9 hem detectat la necessitat de millorar la comunicaci\u00f3 amb les fam\u00edlies aix\u00ed com d\u2019arribar a acords sobre la gesti\u00f3 de les xarxes socials del centre.<\/span><\/p>\n<p><span style=\"font-weight: 400;\">En el seg\u00fcent gr\u00e0fic hi ha una representaci\u00f3 gr\u00e0fica de la situaci\u00f3 actual del centre en l&#8217;\u00e0mbit digital, extreta de les eines utilitzades en la diagnosi. <\/span><\/p>\n<p><img loading=\"lazy\" decoding=\"async\" class=\"aligncenter wp-image-1311\" src=\"https:\/\/agora.xtec.cat\/cee-canoriol\/wp-content\/uploads\/usu1200\/2023\/07\/diagnosi-EDC-1024x632.jpg\" alt=\"\" width=\"690\" height=\"426\" srcset=\"https:\/\/agora.xtec.cat\/cee-canoriol\/wp-content\/uploads\/usu1200\/2023\/07\/diagnosi-EDC-1024x632.jpg 1024w, https:\/\/agora.xtec.cat\/cee-canoriol\/wp-content\/uploads\/usu1200\/2023\/07\/diagnosi-EDC-300x185.jpg 300w, https:\/\/agora.xtec.cat\/cee-canoriol\/wp-content\/uploads\/usu1200\/2023\/07\/diagnosi-EDC-768x474.jpg 768w, https:\/\/agora.xtec.cat\/cee-canoriol\/wp-content\/uploads\/usu1200\/2023\/07\/diagnosi-EDC.jpg 1354w\" sizes=\"auto, (max-width: 690px) 100vw, 690px\" \/><\/p>\n<p><span style=\"font-weight: 400;\">El gr\u00e0fic ens indica que cal millorar diversos aspectes, entre els quals podem destacar:\u00a0<\/span><\/p>\n<ul>\n<li style=\"font-weight: 400;\" aria-level=\"1\"><span style=\"font-weight: 400;\">la implementaci\u00f3 de la tecnologia a l\u2019aula, la qual \u00e9s baixa donades les caracter\u00edstiques de l\u2019alumnat<\/span><\/li>\n<li style=\"font-weight: 400;\" aria-level=\"1\"><span style=\"font-weight: 400;\">la creaci\u00f3 de continguts digitals<\/span><\/li>\n<li style=\"font-weight: 400;\" aria-level=\"1\"><span style=\"font-weight: 400;\">la col\u00b7laboraci\u00f3 m\u00e9s activa en les xarxes (web de l\u2019escola i Instagram), i<\/span><\/li>\n<li style=\"font-weight: 400;\" aria-level=\"1\"><span style=\"font-weight: 400;\">la implementaci\u00f3 de la tecnologia a l\u2019aula<\/span><\/li>\n<\/ul>\n<p>&nbsp;<\/p>\n<h3><span style=\"font-weight: 400;\">Punts forts i punts febles detectats en la diagnosi<\/span><\/h3>\n<p>Analitzant les diferents dades recollides de la diagnosi podem establir diferents punts forts i punts febles del centre respecte als diferents aspectes valorats.<\/p>\n<p><span style=\"font-weight: 400;\">Els <\/span><b>punts forts<\/b><span style=\"font-weight: 400;\"> extrets de la diagnosi se centren en els seg\u00fcents aspectes:<\/span><\/p>\n<ul>\n<li style=\"font-weight: 400;\" aria-level=\"1\"><span style=\"font-weight: 400;\">\u00das i configuraci\u00f3 del navegador<\/span><\/li>\n<li style=\"font-weight: 400;\" aria-level=\"1\"><span style=\"font-weight: 400;\">Gesti\u00f3 de la xarxa wifi<\/span><\/li>\n<li style=\"font-weight: 400;\" aria-level=\"1\"><span style=\"font-weight: 400;\">Instal\u00b7laci\u00f3 i desinstal\u00b7laci\u00f3 d&#8217;aplicacions i programaris<\/span><\/li>\n<li style=\"font-weight: 400;\" aria-level=\"1\"><span style=\"font-weight: 400;\">Edici\u00f3 i configuraci\u00f3 de l&#8217;escriptori d&#8217;un ordinador<\/span><\/li>\n<li style=\"font-weight: 400;\" aria-level=\"1\"><span style=\"font-weight: 400;\">Gesti\u00f3 d&#8217;eines de comunicaci\u00f3 (correu electr\u00f2nic i Dinantia)<\/span><\/li>\n<li style=\"font-weight: 400;\" aria-level=\"1\"><span style=\"font-weight: 400;\">Comunicaci\u00f3 amb eines digitals (videoconfer\u00e8ncies)<\/span><\/li>\n<li style=\"font-weight: 400;\" aria-level=\"1\"><span style=\"font-weight: 400;\">Gesti\u00f3 de documents de Google<\/span><\/li>\n<li aria-level=\"1\">Gesti\u00f3 de presentacions de Google<\/li>\n<li style=\"font-weight: 400;\" aria-level=\"1\"><span style=\"font-weight: 400;\">Gesti\u00f3 i edici\u00f3 d&#8217;arxius audiovisuals (imatge i so)<\/span><\/li>\n<\/ul>\n<p><span style=\"font-weight: 400;\">Els <\/span><b>punts febles<\/b><span style=\"font-weight: 400;\"> extrets de la diagnosi se centren en els seg\u00fcents aspectes:<\/span><\/p>\n<ul>\n<li style=\"font-weight: 400;\" aria-level=\"1\"><span style=\"font-weight: 400;\">Gesti\u00f3 d&#8217;unitats de xarxa i fitxers<\/span><\/li>\n<li style=\"font-weight: 400;\" aria-level=\"1\"><span style=\"font-weight: 400;\">Instal\u00b7laci\u00f3 i configuraci\u00f3 de perif\u00e8rics<\/span><\/li>\n<li style=\"font-weight: 400;\" aria-level=\"1\"><span style=\"font-weight: 400;\">Configuraci\u00f3 de les tauletes t\u00e0ctils<\/span><\/li>\n<li style=\"font-weight: 400;\" aria-level=\"1\"><span style=\"font-weight: 400;\">\u00das d&#8217;aplicacions de creaci\u00f3 de contingut educatiu<\/span><\/li>\n<li style=\"font-weight: 400;\" aria-level=\"1\"><span style=\"font-weight: 400;\">Gesti\u00f3 del n\u00favol (Google Drive i Google Calendar)<\/span><\/li>\n<li style=\"font-weight: 400;\" aria-level=\"1\"><span style=\"font-weight: 400;\">Gesti\u00f3 de les xarxes socials del centre (blog, web i Instagram)<\/span><\/li>\n<li style=\"font-weight: 400;\" aria-level=\"1\"><span style=\"font-weight: 400;\">Gesti\u00f3 de fulls de c\u00e0lcul de Google<\/span><\/li>\n<li style=\"font-weight: 400;\" aria-level=\"1\"><span style=\"font-weight: 400;\">Selecci\u00f3, creaci\u00f3 i modificaci\u00f3 de continguts digitals<\/span><\/li>\n<li style=\"font-weight: 400;\" aria-level=\"1\"><span style=\"font-weight: 400;\">\u00das de les tecnologies digitals per augmentar la motivaci\u00f3 i facilitar l&#8217;aprenentatge<\/span><\/li>\n<\/ul>\n<p>&nbsp;<\/p>\n","protected":false},"excerpt":{"rendered":"<p>Eines utilitzades en la diagnosi<br \/>\nA causa de les caracter\u00edstiques espec\u00edfiques del centre d\u2019educaci\u00f3 especial i del seu alumnat, per realitzar la diagnosi s\u2019han utilitzat priorit\u00e0riament formularis Google, que han perm\u00e8s adaptar-se amb m\u00e9s facilitat a les nostres necessitats de recollida d\u2019informaci\u00f3.<br \/>\nEls formularis que s&#8217;han&hellip;  <a href=\"https:\/\/agora.xtec.cat\/cee-canoriol\/documents-de-centre\/edc\/estrategia-digital-de-centre\/diagnosi\/\" title=\"Read Diagnosi\">Llegeix m\u00e9s\u00bb<\/a><\/p>\n","protected":false},"author":1,"featured_media":0,"parent":1080,"menu_order":1,"comment_status":"closed","ping_status":"closed","template":"page-templates\/side-menu.php","meta":{"_bbp_topic_count":0,"_bbp_reply_count":0,"_bbp_total_topic_count":0,"_bbp_total_reply_count":0,"_bbp_voice_count":0,"_bbp_anonymous_reply_count":0,"_bbp_topic_count_hidden":0,"_bbp_reply_count_hidden":0,"_bbp_forum_subforum_count":0,"footnotes":""},"class_list":["post-1301","page","type-page","status-publish","hentry"],"post_mailing_queue_ids":[],"_links":{"self":[{"href":"https:\/\/agora.xtec.cat\/cee-canoriol\/wp-json\/wp\/v2\/pages\/1301","targetHints":{"allow":["GET"]}}],"collection":[{"href":"https:\/\/agora.xtec.cat\/cee-canoriol\/wp-json\/wp\/v2\/pages"}],"about":[{"href":"https:\/\/agora.xtec.cat\/cee-canoriol\/wp-json\/wp\/v2\/types\/page"}],"author":[{"embeddable":true,"href":"https:\/\/agora.xtec.cat\/cee-canoriol\/wp-json\/wp\/v2\/users\/1"}],"replies":[{"embeddable":true,"href":"https:\/\/agora.xtec.cat\/cee-canoriol\/wp-json\/wp\/v2\/comments?post=1301"}],"version-history":[{"count":3,"href":"https:\/\/agora.xtec.cat\/cee-canoriol\/wp-json\/wp\/v2\/pages\/1301\/revisions"}],"predecessor-version":[{"id":1312,"href":"https:\/\/agora.xtec.cat\/cee-canoriol\/wp-json\/wp\/v2\/pages\/1301\/revisions\/1312"}],"up":[{"embeddable":true,"href":"https:\/\/agora.xtec.cat\/cee-canoriol\/wp-json\/wp\/v2\/pages\/1080"}],"wp:attachment":[{"href":"https:\/\/agora.xtec.cat\/cee-canoriol\/wp-json\/wp\/v2\/media?parent=1301"}],"curies":[{"name":"wp","href":"https:\/\/api.w.org\/{rel}","templated":true}]}}