{"id":1233,"date":"2023-04-09T23:35:29","date_gmt":"2023-04-09T21:35:29","guid":{"rendered":"https:\/\/agora.xtec.cat\/cee-canoriol\/?page_id=1233"},"modified":"2023-11-18T19:16:42","modified_gmt":"2023-11-18T18:16:42","slug":"projectes-de-collaboracio-amb-instituts","status":"publish","type":"page","link":"https:\/\/agora.xtec.cat\/cee-canoriol\/projectes-descola\/projectes-de-collaboracio-amb-instituts\/","title":{"rendered":"Projectes de col\u00b7laboraci\u00f3 amb instituts"},"content":{"rendered":"<p>&nbsp;<\/p>\n<h2><span style=\"font-weight: 400;\">INSTITUT LA SERRETA<\/span><\/h2>\n<p><span style=\"font-weight: 400;\">Durant els \u00faltims cursos, el nostre centre ha portat a terme diferents col\u00b7laboracions amb l\u2019Institut La Serreta, ubicat al municipi de Rub\u00ed. Aquestes han anat variant al llarg dels cursos, tot i que algunes d\u2019elles s\u2019han anat mantenint al llarg dels anys.<\/span><\/p>\n<p><span style=\"font-weight: 400;\">Actualment es duen a terme les seg\u00fcents col\u00b7laboracions entre ambd\u00f2s centres:<\/span><\/p>\n<p>&nbsp;<\/p>\n<ul>\n<li style=\"font-weight: 400;\" aria-level=\"1\"><span style=\"font-weight: 400;\">Conveni de <\/span><span style=\"font-weight: 400;\">pr\u00e0ctiques<\/span><span style=\"font-weight: 400;\"> amb l\u2019alumnat del \u201c<\/span><span style=\"font-weight: 400;\">CFGM d\u2019Atenci\u00f3 a persones amb situaci\u00f3 de depend\u00e8ncia<\/span><span style=\"font-weight: 400;\">\u201d.<\/span><\/li>\n<li style=\"font-weight: 400;\" aria-level=\"1\"><span style=\"font-weight: 400;\">Conveni de <\/span><span style=\"font-weight: 400;\">pr\u00e0ctiques<\/span><span style=\"font-weight: 400;\"> amb alumnat del \u201c<\/span><span style=\"font-weight: 400;\">CFGS d\u2019Integraci\u00f3 Social<\/span><span style=\"font-weight: 400;\">\u201d.\u00a0<\/span><\/li>\n<\/ul>\n<ul>\n<li style=\"font-weight: 400;\" aria-level=\"1\"><span style=\"font-weight: 400;\">Projecte de l\u2019hort<\/span><span style=\"font-weight: 400;\">: els alumnes de Ca n\u2019Oriol col.laboren amb els alumnes de 2n del \u201c<\/span><span style=\"font-weight: 400;\">CFGM d\u2019Atenci\u00f3 a persones amb situaci\u00f3 de depend\u00e8ncia<\/span><span style=\"font-weight: 400;\">\u201d en l\u2019hort escolar de l\u2019INS La Serreta.\u00a0<\/span><\/li>\n<li style=\"font-weight: 400;\" aria-level=\"1\"><span style=\"font-weight: 400;\">Visites al centre<\/span><span style=\"font-weight: 400;\">: es faran visites guiades al centre adre\u00e7ades als alumnes de CFGS d\u2019Integraci\u00f3 Social i CFGS d\u2019Educaci\u00f3 Infantil de l\u2019Institut La Serreta. L\u2019objectiu \u00e9s donar a con\u00e8ixer el centre i fer una aproximaci\u00f3 al m\u00f3n laboral al qual tindran acc\u00e9s un cop finalitzi la seva formaci\u00f3.\u00a0\u00a0<\/span><\/li>\n<li style=\"font-weight: 400;\" aria-level=\"1\"><span style=\"font-weight: 400;\">Gimcana d\u2019activitats d\u2019hivern<\/span><span style=\"font-weight: 400;\"> com a pr\u00e0ctica dins del m\u00f2dul d\u2019oci i lleure del \u201c<\/span><span style=\"font-weight: 400;\">CFGM d\u2019Atenci\u00f3 a persones amb situaci\u00f3 de depend\u00e8ncia<\/span><span style=\"font-weight: 400;\">\u201d.<\/span><\/li>\n<li style=\"font-weight: 400;\" aria-level=\"1\"><span style=\"font-weight: 400;\">Conveni de <\/span><span style=\"font-weight: 400;\">pr\u00e0ctiques<\/span><span style=\"font-weight: 400;\"> en mobilitat transfronterera dels estudiants de l\u2019<\/span><span style=\"font-weight: 400;\">IRTS de Perpiny\u00e0<\/span><span style=\"font-weight: 400;\">. S\u00f3n estudiants de primer curs de Moniteur-\u00e9ducateur, una formaci\u00f3 equivalent als cicles formatius de grau superior en el camp de la integraci\u00f3 social i l\u2019acompanyament socioeducatiu.<\/span><\/li>\n<\/ul>\n<p>&nbsp;<\/p>\n<h2><span style=\"font-weight: 400;\">INSTITUT TORRENT DELS ALOUS<\/span><\/h2>\n<p>&nbsp;<\/p>\n<p><span style=\"font-weight: 400;\">El curs 2022-2023 es reinicia el projecte d\u2019Intercanvi i Socialitzaci\u00f3, aturat fa dos cursos per la pand\u00e8mia, amb l\u2019Institut Torrent dels Alous.\u00a0<\/span><\/p>\n<p><span style=\"font-weight: 400;\">Degut a les necessitats i caracter\u00edstiques del moment actual del dos centres, el projecte inicial s\u2019ha hagut de reajustar. Es far\u00e0 una prova pilot amb l\u2019alumnat de 1r d\u2019ESO de l\u2019optativa de \u201cRelaxaci\u00f3 i autoconeixement\u201d de l\u2019INS Torrent dels Alous i l\u2019alumnat de secund\u00e0ria del CEE Ca n\u2019Oriol. En funci\u00f3 de la valoraci\u00f3 es tornar\u00e0 a redactar el projecte de nou.<\/span><\/p>\n<p><span style=\"font-weight: 400;\">Les propostes del nou projecte s\u00f3n les especificades a continuaci\u00f3:<\/span><\/p>\n<ul>\n<li style=\"font-weight: 400;\" aria-level=\"1\"><span style=\"font-weight: 400;\">Din\u00e0mica de coneixement (al nostre centre)<\/span><\/li>\n<li style=\"font-weight: 400;\" aria-level=\"1\"><span style=\"font-weight: 400;\">Activitats art\u00edstiques conjuntes i espai de socialitzaci\u00f3 (al nostre centre)\u00a0<\/span><\/li>\n<li style=\"font-weight: 400;\" aria-level=\"1\"><span style=\"font-weight: 400;\">Activitats art\u00edstiques conjuntes i espai de socialitzaci\u00f3 (al Institut Torrent dels Alous)<\/span><\/li>\n<\/ul>\n<p>&nbsp;<\/p>\n<h2><span style=\"font-weight: 400;\">ESCOLA CREIXEN TERRASSA<\/span><\/h2>\n<p>&nbsp;<\/p>\n<p><span style=\"font-weight: 400;\">El curs 2022-2023 s&#8217;inicia la col\u00b7laboraci\u00f3 amb l\u2019Escola Creixen Terrassa:<\/span><\/p>\n<ul>\n<li><span style=\"font-weight: 400;\">Conveni de pr\u00e0ctiques amb l\u2019alumnat del \u201c<\/span><span style=\"font-weight: 400;\">CFGM d\u2019Atenci\u00f3 a persones amb situaci\u00f3 de depend\u00e8ncia<\/span><span style=\"font-weight: 400;\">\u201d.<\/span><\/li>\n<\/ul>\n<p>&nbsp;<\/p>\n<h2><span style=\"font-weight: 400;\">INSTITUT OBERT DE CATALUNYA<\/span><\/h2>\n<p>&nbsp;<\/p>\n<p><span style=\"font-weight: 400;\">El curs 2022-2023 s&#8217;inicia la col\u00b7laboraci\u00f3 amb l\u2019Institut Obert de Catalunya:<\/span><\/p>\n<ul>\n<li style=\"font-weight: 400;\" aria-level=\"1\"><span style=\"font-weight: 400;\">Conveni de pr\u00e0ctiques amb l\u2019alumnat del \u201c<\/span><span style=\"font-weight: 400;\">CFGS d\u2019Integraci\u00f3 Social<\/span><span style=\"font-weight: 400;\">\u201d.\u00a0<\/span><\/li>\n<\/ul>\n<p>&nbsp;<\/p>\n<p>&nbsp;<\/p>\n","protected":false},"excerpt":{"rendered":"<p>&nbsp;<br \/>\nINSTITUT LA SERRETA<br \/>\nDurant els \u00faltims cursos, el nostre centre ha portat a terme diferents col\u00b7laboracions amb l\u2019Institut La Serreta, ubicat al municipi de Rub\u00ed. Aquestes han anat variant al llarg dels cursos, tot i que algunes d\u2019elles s\u2019han anat mantenint al llarg dels anys.<br \/>\nActualment es&hellip;  <a href=\"https:\/\/agora.xtec.cat\/cee-canoriol\/projectes-descola\/projectes-de-collaboracio-amb-instituts\/\" title=\"Read Projectes de col\u00b7laboraci\u00f3 amb instituts\">Llegeix m\u00e9s\u00bb<\/a><\/p>\n","protected":false},"author":1,"featured_media":0,"parent":856,"menu_order":3,"comment_status":"closed","ping_status":"closed","template":"page-templates\/side-menu.php","meta":{"_bbp_topic_count":0,"_bbp_reply_count":0,"_bbp_total_topic_count":0,"_bbp_total_reply_count":0,"_bbp_voice_count":0,"_bbp_anonymous_reply_count":0,"_bbp_topic_count_hidden":0,"_bbp_reply_count_hidden":0,"_bbp_forum_subforum_count":0,"footnotes":""},"class_list":["post-1233","page","type-page","status-publish","hentry"],"post_mailing_queue_ids":[],"_links":{"self":[{"href":"https:\/\/agora.xtec.cat\/cee-canoriol\/wp-json\/wp\/v2\/pages\/1233","targetHints":{"allow":["GET"]}}],"collection":[{"href":"https:\/\/agora.xtec.cat\/cee-canoriol\/wp-json\/wp\/v2\/pages"}],"about":[{"href":"https:\/\/agora.xtec.cat\/cee-canoriol\/wp-json\/wp\/v2\/types\/page"}],"author":[{"embeddable":true,"href":"https:\/\/agora.xtec.cat\/cee-canoriol\/wp-json\/wp\/v2\/users\/1"}],"replies":[{"embeddable":true,"href":"https:\/\/agora.xtec.cat\/cee-canoriol\/wp-json\/wp\/v2\/comments?post=1233"}],"version-history":[{"count":2,"href":"https:\/\/agora.xtec.cat\/cee-canoriol\/wp-json\/wp\/v2\/pages\/1233\/revisions"}],"predecessor-version":[{"id":1235,"href":"https:\/\/agora.xtec.cat\/cee-canoriol\/wp-json\/wp\/v2\/pages\/1233\/revisions\/1235"}],"up":[{"embeddable":true,"href":"https:\/\/agora.xtec.cat\/cee-canoriol\/wp-json\/wp\/v2\/pages\/856"}],"wp:attachment":[{"href":"https:\/\/agora.xtec.cat\/cee-canoriol\/wp-json\/wp\/v2\/media?parent=1233"}],"curies":[{"name":"wp","href":"https:\/\/api.w.org\/{rel}","templated":true}]}}