{"id":1169,"date":"2023-04-08T20:30:55","date_gmt":"2023-04-08T18:30:55","guid":{"rendered":"https:\/\/agora.xtec.cat\/cee-canoriol\/?page_id=1169"},"modified":"2026-01-01T20:58:15","modified_gmt":"2026-01-01T19:58:15","slug":"eap-equip-dassessorament-psicopedagogic","status":"publish","type":"page","link":"https:\/\/agora.xtec.cat\/cee-canoriol\/serveis\/assessorament-extern\/eap-equip-dassessorament-psicopedagogic\/","title":{"rendered":"EAP"},"content":{"rendered":"<p>&nbsp;<\/p>\n<p><span style=\"font-weight: 400;\">L\u2019Equip d\u2019Assessorament Psicopedag\u00f2gic referent del centre \u00e9s el B-45 de Rub\u00ed.<\/span><\/p>\n<p><span style=\"font-weight: 400;\">Els professionals referents de l\u2019EAP que intervenen al centre s\u00f3n els especificats a continuaci\u00f3.<\/span><\/p>\n<p>&nbsp;<\/p>\n<h3>PSICOPEDAGOG DE L&#8217;EAP<\/h3>\n<p>&nbsp;<\/p>\n<p><span style=\"font-weight: 400;\">La seva intervenci\u00f3 \u00e9s, generalment, tots els dilluns al mat\u00ed i sempre que la situaci\u00f3 ho requereixi.<\/span><\/p>\n<p>Les seves funcions principals s\u00f3n:<\/p>\n<ul>\n<li><span style=\"font-weight: 400;\">Coordinaci\u00f3 amb l\u2019equip directiu<\/span><\/li>\n<li style=\"font-weight: 400;\" aria-level=\"2\"><span style=\"font-weight: 400;\">Coordinaci\u00f3 i assessorament a l\u2019equip de professionals del centre sempre que s\u2019escaigui convenient.<\/span><\/li>\n<li style=\"font-weight: 400;\" aria-level=\"2\"><span style=\"font-weight: 400;\">Participaci\u00f3 de la CAD (Comissi\u00f3 d\u2019Atenci\u00f3 a la Diversitat).<\/span><\/li>\n<li style=\"font-weight: 400;\" aria-level=\"2\"><span style=\"font-weight: 400;\">Participaci\u00f3 de la CAD social.<\/span><\/li>\n<li style=\"font-weight: 400;\" aria-level=\"2\"><span style=\"font-weight: 400;\">Participaci\u00f3 de la CAD Pedag\u00f2gica, de la que participen <\/span><span style=\"font-weight: 400;\">equip directiu, coordinadores d\u2019etapa i coordinadora PAE.\u00a0<\/span><\/li>\n<li style=\"font-weight: 400;\" aria-level=\"2\"><span style=\"font-weight: 400;\">Assessorament a l\u2019alumnat, fam\u00edlies i equips docents sobre aspectes d\u2019orientaci\u00f3 personal, educativa, professional i social.<\/span><\/li>\n<li aria-level=\"2\">Elaboraci\u00f3 dels dict\u00e0mens d&#8217;escolaritzaci\u00f3.<\/li>\n<li aria-level=\"2\">Observaci\u00f3 de l&#8217;alumnat per valorar les seves necessitats i recursos educatius necessaris per donar la millor resposta educativa a aquestes.<\/li>\n<\/ul>\n<p><strong>Psicopedagog referent:<\/strong><\/p>\n<p>Oscar del Barrio (director de l&#8217;EAP)<\/p>\n<h3><\/h3>\n<p>&nbsp;<\/p>\n<h3>FISIOTERAPEUTES DE L&#8217;EAP<\/h3>\n<p>&nbsp;<\/p>\n<p>L\u2019escola disposa de 3 fisioterapeutes, que atenen els nostres alumnes de dilluns a divendres, segons els horaris acordats per l&#8217;equip segons les necessitats del servei.<\/p>\n<p>Les seves funcions principals s\u00f3n:<\/p>\n<ul>\n<li><span style=\"font-weight: 400;\">Valoraci\u00f3 motriu de l\u2019alumnat per tal d\u2019establir el seu grau d\u2019afectaci\u00f3 i les seves necessitats d\u2019accessibilitat.<\/span><\/li>\n<li>Planificaci\u00f3 i execuci\u00f3 de programes d\u2019actuaci\u00f3 per millorar l\u2019autonomia personal, la participaci\u00f3 i l\u2019acc\u00e9s als aprenentatges dels alumnes amb afectaci\u00f3 motriu.<\/li>\n<li dir=\"ltr\">\n<p dir=\"ltr\">Informaci\u00f3 i assessorament a les fam\u00edlies i col\u00b7laboraci\u00f3 amb altres professionals, serveis i especialistes, per avan\u00e7ar cap a una atenci\u00f3 integral i multidisciplin\u00e0ria que afavoreixi el desenvolupament de l&#8217;alumnat.<\/p>\n<\/li>\n<\/ul>\n<p><strong>Fisioterapeutes referents:<\/strong><\/p>\n<p>Anna Casas (coordinadora)<\/p>\n<p>Raquel Dorado<\/p>\n<p>Aldo Sabio<\/p>\n<p>&nbsp;<\/p>\n<h3>TREBALLADORA SOCIAL DE L&#8217;EAP<\/h3>\n<p>&nbsp;<\/p>\n<p><span style=\"font-weight: 400;\">La seva intervenci\u00f3 \u00e9s, generalment, <\/span><span style=\"font-weight: 400;\">els dilluns al mat\u00ed (el 3r dimarts de cada mes).<\/span><\/p>\n<p><span style=\"font-weight: 400;\">Les seves funcions principals s\u00f3n:<\/span><\/p>\n<ul>\n<li style=\"text-align: justify;\"><span style=\"font-weight: 400;\">Seguiment de les propostes de serveis di\u00fcrns per a aquells alumnes que finalitzen l\u2019etapa escolar obligat\u00f2ria a l\u2019escola.<\/span><\/li>\n<li style=\"text-align: justify;\"><span style=\"font-weight: 400;\">Participaci\u00f3 de la CAD social.<\/span><\/li>\n<li style=\"text-align: justify;\"><span style=\"font-weight: 400;\">Seguiment dels alumnes amb risc social.<\/span><\/li>\n<\/ul>\n<p><strong>Treballadora social referent:<\/strong><\/p>\n<p>Marta Solana<\/p>\n<p>&nbsp;<\/p>\n<p>&nbsp;<\/p>\n","protected":false},"excerpt":{"rendered":"<p>&nbsp;<br \/>\nL\u2019Equip d\u2019Assessorament Psicopedag\u00f2gic referent del centre \u00e9s el B-45 de Rub\u00ed.<br \/>\nEls professionals referents de l\u2019EAP que intervenen al centre s\u00f3n els especificats a continuaci\u00f3.<br \/>\n&nbsp;<br \/>\nPSICOPEDAGOG DE L&#8217;EAP<br \/>\n&nbsp;<br \/>\nLa seva intervenci\u00f3 \u00e9s, generalment, tots els dilluns al mat\u00ed i sempre que la situaci\u00f3 ho requereixi.<br \/>\nLes seves funcions principals&hellip;  <a href=\"https:\/\/agora.xtec.cat\/cee-canoriol\/serveis\/assessorament-extern\/eap-equip-dassessorament-psicopedagogic\/\" title=\"Read EAP\">Llegeix m\u00e9s\u00bb<\/a><\/p>\n","protected":false},"author":1,"featured_media":0,"parent":667,"menu_order":1,"comment_status":"closed","ping_status":"closed","template":"page-templates\/side-menu.php","meta":{"_bbp_topic_count":0,"_bbp_reply_count":0,"_bbp_total_topic_count":0,"_bbp_total_reply_count":0,"_bbp_voice_count":0,"_bbp_anonymous_reply_count":0,"_bbp_topic_count_hidden":0,"_bbp_reply_count_hidden":0,"_bbp_forum_subforum_count":0,"footnotes":""},"class_list":["post-1169","page","type-page","status-publish","hentry"],"post_mailing_queue_ids":[],"_links":{"self":[{"href":"https:\/\/agora.xtec.cat\/cee-canoriol\/wp-json\/wp\/v2\/pages\/1169","targetHints":{"allow":["GET"]}}],"collection":[{"href":"https:\/\/agora.xtec.cat\/cee-canoriol\/wp-json\/wp\/v2\/pages"}],"about":[{"href":"https:\/\/agora.xtec.cat\/cee-canoriol\/wp-json\/wp\/v2\/types\/page"}],"author":[{"embeddable":true,"href":"https:\/\/agora.xtec.cat\/cee-canoriol\/wp-json\/wp\/v2\/users\/1"}],"replies":[{"embeddable":true,"href":"https:\/\/agora.xtec.cat\/cee-canoriol\/wp-json\/wp\/v2\/comments?post=1169"}],"version-history":[{"count":5,"href":"https:\/\/agora.xtec.cat\/cee-canoriol\/wp-json\/wp\/v2\/pages\/1169\/revisions"}],"predecessor-version":[{"id":1857,"href":"https:\/\/agora.xtec.cat\/cee-canoriol\/wp-json\/wp\/v2\/pages\/1169\/revisions\/1857"}],"up":[{"embeddable":true,"href":"https:\/\/agora.xtec.cat\/cee-canoriol\/wp-json\/wp\/v2\/pages\/667"}],"wp:attachment":[{"href":"https:\/\/agora.xtec.cat\/cee-canoriol\/wp-json\/wp\/v2\/media?parent=1169"}],"curies":[{"name":"wp","href":"https:\/\/api.w.org\/{rel}","templated":true}]}}