{"id":49,"date":"2014-09-17T16:55:55","date_gmt":"2014-09-17T16:55:55","guid":{"rendered":"http:\/\/agora.xtec.cat\/afaesparreguera\/?page_id=49"},"modified":"2019-07-29T21:04:56","modified_gmt":"2019-07-29T19:04:56","slug":"criterisdavaluacio","status":"publish","type":"page","link":"https:\/\/agora.xtec.cat\/afaesparreguera\/el-centre\/criterisdavaluacio\/","title":{"rendered":"Criteris d&#8217;avaluaci\u00f3 i normes essencials"},"content":{"rendered":"<h1><\/h1>\n<p><strong>Criteris d&#8217;avaluaci\u00f3 generals<\/strong><\/p>\n<p>L\u2019avaluaci\u00f3 \u00e9s una part important del proc\u00e9s d\u2019ensenyament-aprenentatge dels alumnes de les escoles d\u2019adults i ha de ser cont\u00ednua i integradora.<\/p>\n<p>Dividim aquest proc\u00e9s en tres parts:<\/p>\n<ul>\n<li>els\u00a0<strong>controls<\/strong>, que fan refer\u00e8ncia a les proves escrites i orals que tenen com a objectiu avaluar l\u2019adquisici\u00f3 de coneixements per part de l\u2019alumne.<\/li>\n<li>el <strong>treball personal<\/strong>, que inclouen la realitzaci\u00f3 d\u2019exercicis a classe, la participaci\u00f3 a classe, treballs a casa i l\u2019aplicaci\u00f3 pr\u00e0ctica dels coneixements adquirits.<\/li>\n<li>l\u2019<strong>actitud<\/strong>, apartat en qu\u00e8 s\u2019avalua el comportament, l\u2019assist\u00e8ncia i la puntualitat.<\/li>\n<\/ul>\n<p>&nbsp;<\/p>\n<p>Com s\u2019indica amb posterioritat, cada ensenyament t\u00e9 caracter\u00edstiques espec\u00edfiques i un proc\u00e9s d\u2019avaluaci\u00f3 determinat, amb una ponderaci\u00f3 diferent de cada part. Per a veure els criteris d&#8217;avaluaci\u00f3 de cadascun dels ensenyaments, podeu consultar el <a href=\"https:\/\/agora.xtec.cat\/afaesparreguera\/wp-content\/uploads\/usu364\/2019\/07\/PCC-CFA-Esparreguera-juny-2019-FINAL.pdf\" target=\"_blank\" rel=\"noopener noreferrer\">projecte curricular de centre.<\/a><\/p>\n<p>&nbsp;<\/p>\n<p>&nbsp;<\/p>\n<p style=\"text-align: left;\"><strong>NORMES ESSENCIALS\u00a0<\/strong>(per a m\u00e9s informaci\u00f3, consulteu les <a href=\"https:\/\/agora.xtec.cat\/afaesparreguera\/wp-content\/uploads\/usu364\/2019\/07\/NOFC-CFAesparreguera-Juny-2019-FINAL.pdf\" target=\"_blank\" rel=\"noopener noreferrer\">NOFC del centre<\/a>)<br \/>\nDE RESPECTE A LES INSTAL\u2022LACIONS P\u00daBLIQUES I DE COMPORTAMENT PER AL BON APROFITAMENT COL\u2022LECTIU DE LA DOC\u00c8NCIA<\/p>\n<p style=\"text-align: left;\"><span style=\"text-decoration: underline;\">ORDRE I NETEJA<\/span><br \/>\n+ No \u00e9s perm\u00e8s menjar i\/o beure dins les aules, els passad\u00eds ni a cap altra depend\u00e8ncia.<br \/>\n+ No \u00e9s perm\u00e8s d\u2019escriure i\/o dibuixar a les taules, parets o qualsevol altre element del centre.<br \/>\n+ L\u2019ordre de les taules i les cadires s\u2019ha de mantenir.<br \/>\n+ A l\u2019\u00faltima classe s\u2019han de posar les cadires damunt la taula i deixar-les ben col\u00b7locades.<br \/>\n+ S\u2019ha de mantenir el terra net de papers i de qualsevol mena de brossa.<\/p>\n<p style=\"text-align: left;\"><span style=\"text-decoration: underline;\">PUNTUALITAT I PAUSES<\/span><br \/>\n+ Les classes comen\u00e7aran i acabaran puntualment.<br \/>\n+ El retards seran degudament controlats i registrats. Cada 3 retards s\u2019acumula una falta d\u2019assist\u00e8ncia.<br \/>\n+ Les arribades que superin els 15\u00a0minuts de l\u2019hora establerta, implicaran una falta d\u2019assist\u00e8ncia.<br \/>\n+ Les abs\u00e8ncies i els retards justificats (justificants amb valor oficial) s\u2019han de presentar al tutor tan aviat com sigui possible (no a final del trimestre).<br \/>\n+ Quan un grup tingui quatre hores de classe seguides es far\u00e0 una pausa de 10 minuts repartits entre el final de la segona hora i l\u2019inici de la tercera hora (en aquest cas es podr\u00e0 sortir fora del centre).<\/p>\n<p style=\"text-align: left;\"><span style=\"text-decoration: underline;\">ABSENTISME<\/span><br \/>\n+ L\u2019assist\u00e8ncia \u00e9s obligat\u00f2ria (estudis presencials).<br \/>\n+ En el cas d\u2019alumnes menors d\u2019edat les abs\u00e8ncies seran comunicades di\u00e0riament a la fam\u00edlia.<br \/>\n+ L\u2019acumulaci\u00f3 de faltes injustificades comporta la p\u00e8rdua de l\u2019escolaritzaci\u00f3.<br \/>\n+ L\u2019absentisme (justificat i injustificat) superior al 30% del total d\u2019hores lectives del curs impedeix legalment obtenir el Certificat de Superaci\u00f3 de Curs del PPCFGS.<br \/>\n+ Durant el trimestre la falta injustificada del 30% de les classes suposa la p\u00e8rdua de l\u2019avaluaci\u00f3 continua, en relaci\u00f3 a l\u2019alumnat de GESO.<\/p>\n<p style=\"text-align: left;\"><span style=\"text-decoration: underline;\">\u00daS DE DISPOSITIUS<\/span><br \/>\n+ Els tel\u00e8fons hauran d\u2019estar en mode silenci i s\u2019ha de renunciar a les comunicacions privades (WhatsApp, SMS, LINEs, Tweets o piulades, missatges Facebook, etc.) durant l\u2019estona de classe.<\/p>\n","protected":false},"excerpt":{"rendered":"<p>Criteris d&#8217;avaluaci\u00f3 generals<br \/>\nL\u2019avaluaci\u00f3 \u00e9s una part important del proc\u00e9s d\u2019ensenyament-aprenentatge dels alumnes de les escoles d\u2019adults i ha de ser cont\u00ednua i integradora.<br \/>\nDividim aquest proc\u00e9s en tres parts:<\/p>\n<ul>\n<li>els\u00a0controls, que fan refer\u00e8ncia a les proves escrites i orals que tenen com a objectiu avaluar l\u2019adquisici\u00f3 de&hellip;  <a href=\"https:\/\/agora.xtec.cat\/afaesparreguera\/el-centre\/criterisdavaluacio\/\" title=\"Read Criteris d&#8217;avaluaci\u00f3 i normes essencials\">Llegeix m\u00e9s\u00bb<\/a><br \/>\n","protected":false},"author":1,"featured_media":0,"parent":261,"menu_order":60,"comment_status":"closed","ping_status":"closed","template":"page-templates\/side-menu.php","meta":{"_bbp_topic_count":0,"_bbp_reply_count":0,"_bbp_total_topic_count":0,"_bbp_total_reply_count":0,"_bbp_voice_count":0,"_bbp_anonymous_reply_count":0,"_bbp_topic_count_hidden":0,"_bbp_reply_count_hidden":0,"_bbp_forum_subforum_count":0,"footnotes":""},"class_list":["post-49","page","type-page","status-publish","hentry"],"post_mailing_queue_ids":[],"_links":{"self":[{"href":"https:\/\/agora.xtec.cat\/afaesparreguera\/wp-json\/wp\/v2\/pages\/49","targetHints":{"allow":["GET"]}}],"collection":[{"href":"https:\/\/agora.xtec.cat\/afaesparreguera\/wp-json\/wp\/v2\/pages"}],"about":[{"href":"https:\/\/agora.xtec.cat\/afaesparreguera\/wp-json\/wp\/v2\/types\/page"}],"author":[{"embeddable":true,"href":"https:\/\/agora.xtec.cat\/afaesparreguera\/wp-json\/wp\/v2\/users\/1"}],"replies":[{"embeddable":true,"href":"https:\/\/agora.xtec.cat\/afaesparreguera\/wp-json\/wp\/v2\/comments?post=49"}],"version-history":[{"count":3,"href":"https:\/\/agora.xtec.cat\/afaesparreguera\/wp-json\/wp\/v2\/pages\/49\/revisions"}],"predecessor-version":[{"id":1043,"href":"https:\/\/agora.xtec.cat\/afaesparreguera\/wp-json\/wp\/v2\/pages\/49\/revisions\/1043"}],"up":[{"embeddable":true,"href":"https:\/\/agora.xtec.cat\/afaesparreguera\/wp-json\/wp\/v2\/pages\/261"}],"wp:attachment":[{"href":"https:\/\/agora.xtec.cat\/afaesparreguera\/wp-json\/wp\/v2\/media?parent=49"}],"curies":[{"name":"wp","href":"https:\/\/api.w.org\/{rel}","templated":true}]}}