{"id":316,"date":"2015-01-28T11:33:51","date_gmt":"2015-01-28T10:33:51","guid":{"rendered":"http:\/\/agora.xtec.cat\/afacmeridiana\/?page_id=316"},"modified":"2025-10-14T18:35:04","modified_gmt":"2025-10-14T16:35:04","slug":"competencia-digital-competic","status":"publish","type":"page","link":"https:\/\/agora.xtec.cat\/afacmeridiana\/ensenyaments\/ensenyaments-transprofessionals\/competencia-digital-competic\/","title":{"rendered":"Compet\u00e8ncia digital COMPETIC"},"content":{"rendered":"<p>Aquests ensenyaments tenen com a objectiu m\u00e9s important facilitar l&#8217;adquisici\u00f3 de la compet\u00e8ncia digital, amb l&#8217;assoliment dels coneixements, habilitats i actituds adients en l&#8217;\u00e0mbit de les tecnologies de la informaci\u00f3 i la comunicaci\u00f3 (TIC) per tal de poder desenvolupar-se en la societat actual. Aquests ensenyaments s&#8217;imparteixen en quatre nivells: Competic Inicial, 1, 2 i 3.<\/p>\n<p>En el nostre centre fem els nivells seg\u00fcents:<\/p>\n<ul>\n<li><strong>Competic Inicial<\/strong>, aquest nivell est\u00e0 adre\u00e7at a persones que desconeixen les noves tecnologies i que volen assolir un domini b\u00e0sic de les TIC.<\/li>\n<li><strong>Competic 1<\/strong>, aquest nivell est\u00e0 adre\u00e7at a totes aquelles persones que han superat el Competic Inicial o b\u00e9 tenen un nivell similar que es pot acreditar amb una prova inicial. Actualment tenim dos grups.<\/li>\n<li><strong>Competic 2<\/strong>, adre\u00e7at a totes aquelles persones que han superat el Competic 1 o b\u00e9 acrediten un nivell similar fent una prova inicial.<\/li>\n<li><strong>Competic 3,<br \/>\n<\/strong><\/li>\n<\/ul>\n<p><span lang=\"CA\"><b>Important: Per matricular-se a COMPETIC 3, i independentment del seu nivell de compet\u00e8ncia digital, \u00a0l\u2019alumne haur\u00e0 de disposar del certificat ACTIC Mitj\u00e0 o b\u00e9 del certificat de superaci\u00f3 del curs de COMPETIC 2 en un centre d\u2019adults depenent del Departament d\u2019Ensenyament o b\u00e9 que estigui autoritzat a impartir aquest ensenyament. <\/b><\/span><\/p>\n<p><span style=\"color: #000000;\">La superaci\u00f3 de cadascuna de les compet\u00e8ncies treballades a COMPETIC 3 correspon a una persona usu\u00e0ria que t\u00e9 un ampli domini d\u2019aquestes tecnologies i que disposa de capacitat per aprofitar al m\u00e0xim les prestacions que ofereixen les tecnologies de la informaci\u00f3 i la comunicaci\u00f3, de construir usos alternatius i de donar suport a altres persones perqu\u00e8 puguin millorar el desenvolupament de les seves compet\u00e8ncies.<\/span><\/p>\n<p><span lang=\"CA\"><span style=\"color: #000000;\">El treball de cadascuna de les cinc\u00a0 compet\u00e8ncies de que consta el Competic 3, es desenvolupa en 35 hores lectives (un trimestre). Per tant, sent que el nivell de COMPETIC 3 t\u00e9 una durada de 105 hores anuals, es treballaran tres compet\u00e8ncies al llarg del curs (una per trimestre). Un cop superades aquestes compet\u00e8ncies, l\u2019alumne que ho desitgi podr\u00e0 continuar cursant les compet\u00e8ncies que li faltin.<\/span><\/span><\/p>\n<p>Per a m\u00e9s informaci\u00f3 clic <a href=\"http:\/\/queestudiar.gencat.cat\/ca\/estudis\/adults\/estudis\/informatica\/\">aqu\u00ed.<\/a><\/p>\n<p>A continuaci\u00f3 teniu una relaci\u00f3 de les diferents compet\u00e8ncies que es treballen per a cada nivell:<\/p>\n<table style=\"border-collapse: collapse; width: 100%; height: 1573px;\" border=\"1\">\n<tbody>\n<tr style=\"height: 118px;\">\n<td style=\"width: 39.9001%; height: 118px;\">\n<h2><strong>Nivell<\/strong><\/h2>\n<\/td>\n<td style=\"width: 32.0546%; height: 118px;\">\n<h2><strong>Compet\u00e8ncies<\/strong><\/h2>\n<\/td>\n<\/tr>\n<tr style=\"height: 262px;\">\n<td style=\"width: 39.9001%; height: 262px;\">\n<h3>Competic Inicial<\/h3>\n<\/td>\n<td style=\"width: 32.0546%; height: 262px;\">\n<ol>\n<li>Tecnologia digital, \u00fas de l&#8217;ordinador i del sistema operatiu.<\/li>\n<li>Tractament de la informaci\u00f3 escrita.<\/li>\n<li>Navegaci\u00f3 i comunicaci\u00f3 en el m\u00f3n digital.<\/li>\n<\/ol>\n<\/td>\n<\/tr>\n<tr style=\"height: 262px;\">\n<td style=\"width: 39.9001%; height: 262px;\">\n<h3>Competic 1<\/h3>\n<\/td>\n<td style=\"width: 32.0546%; height: 262px;\">\n<ol>\n<li>Tractament de la informaci\u00f3 num\u00e8rica.<\/li>\n<li>Tractament de la informaci\u00f3 gr\u00e0fica, sonora i de la imatge en moviment.<\/li>\n<li>Cultura, participaci\u00f3 i civisme digital.<\/li>\n<\/ol>\n<\/td>\n<\/tr>\n<tr style=\"height: 554px;\">\n<td style=\"width: 39.9001%; height: 554px;\">\n<h3>Competic 2<\/h3>\n<\/td>\n<td style=\"width: 32.0546%; height: 554px;\">\n<ol>\n<li>Cultura, participaci\u00f3 i civisme digital.<\/li>\n<li>Tecnologia digital, \u00fas de l&#8217;ordinador i del sistema operatiu.<\/li>\n<li>Navegaci\u00f3 i comunicaci\u00f3 en el m\u00f3n digital.<\/li>\n<li>Tractament de la informaci\u00f3 escrita.<\/li>\n<li>Tractament de la informaci\u00f3 gr\u00e0fica, sonora i de la imatge en moviment.<\/li>\n<li>Tractament de la informaci\u00f3 num\u00e8rica.<\/li>\n<li>Tractament de les dades.<\/li>\n<li>Presentaci\u00f3 de continguts.<\/li>\n<\/ol>\n<\/td>\n<\/tr>\n<tr style=\"height: 377px;\">\n<td style=\"width: 39.9001%; height: 377px;\">\n<h3>Competic 3<\/h3>\n<h3><\/h3>\n<\/td>\n<td style=\"width: 32.0546%; height: 377px;\">\n<ol>\n<li><span style=\"color: #000000;\">C4: Tractament de la informaci\u00f3 escrita.<\/span><\/li>\n<li><span style=\"color: #000000;\">C5: Tractament de la informaci\u00f3 gr\u00e0fica, sonora i de la imatge en moviment.<\/span><\/li>\n<li><span style=\"color: #000000;\">C6: Tractament de la informaci\u00f3 num\u00e8rica.<\/span><\/li>\n<li><span style=\"color: #000000;\">C7: Tractament de les dades.<\/span><\/li>\n<li><span style=\"color: #000000;\">C8: Presentaci\u00f3 de continguts.\u00a0<\/span><\/li>\n<\/ol>\n<ul>\n<li style=\"list-style-type: none;\"><\/li>\n<\/ul>\n<\/td>\n<\/tr>\n<\/tbody>\n<\/table>\n","protected":false},"excerpt":{"rendered":"<p>Aquests ensenyaments tenen com a objectiu m\u00e9s important facilitar l&#8217;adquisici\u00f3 de la compet\u00e8ncia digital, amb l&#8217;assoliment dels coneixements, habilitats i actituds adients en l&#8217;\u00e0mbit de les tecnologies de la informaci\u00f3 i la comunicaci\u00f3 (TIC) per tal de poder desenvolupar-se en la societat actual. Aquests ensenyaments s&#8217;imparteixen en quatre nivells: Competic Inicial, 1, 2 i 3. [&hellip;]<\/p>\n","protected":false},"author":1,"featured_media":0,"parent":286,"menu_order":0,"comment_status":"closed","ping_status":"closed","template":"","meta":{"_bbp_topic_count":0,"_bbp_reply_count":0,"_bbp_total_topic_count":0,"_bbp_total_reply_count":0,"_bbp_voice_count":0,"_bbp_anonymous_reply_count":0,"_bbp_topic_count_hidden":0,"_bbp_reply_count_hidden":0,"_bbp_forum_subforum_count":0,"site-sidebar-layout":"default","site-content-layout":"","ast-site-content-layout":"default","site-content-style":"default","site-sidebar-style":"default","ast-global-header-display":"","ast-banner-title-visibility":"","ast-main-header-display":"","ast-hfb-above-header-display":"","ast-hfb-below-header-display":"","ast-hfb-mobile-header-display":"","site-post-title":"","ast-breadcrumbs-content":"","ast-featured-img":"","footer-sml-layout":"","theme-transparent-header-meta":"","adv-header-id-meta":"","stick-header-meta":"","header-above-stick-meta":"","header-main-stick-meta":"","header-below-stick-meta":"","astra-migrate-meta-layouts":"set","ast-page-background-enabled":"default","ast-page-background-meta":{"desktop":{"background-color":"var(--ast-global-color-4)","background-image":"","background-repeat":"repeat","background-position":"center center","background-size":"auto","background-attachment":"scroll","background-type":"","background-media":"","overlay-type":"","overlay-color":"","overlay-opacity":"","overlay-gradient":""},"tablet":{"background-color":"","background-image":"","background-repeat":"repeat","background-position":"center center","background-size":"auto","background-attachment":"scroll","background-type":"","background-media":"","overlay-type":"","overlay-color":"","overlay-opacity":"","overlay-gradient":""},"mobile":{"background-color":"","background-image":"","background-repeat":"repeat","background-position":"center center","background-size":"auto","background-attachment":"scroll","background-type":"","background-media":"","overlay-type":"","overlay-color":"","overlay-opacity":"","overlay-gradient":""}},"ast-content-background-meta":{"desktop":{"background-color":"var(--ast-global-color-5)","background-image":"","background-repeat":"repeat","background-position":"center center","background-size":"auto","background-attachment":"scroll","background-type":"","background-media":"","overlay-type":"","overlay-color":"","overlay-opacity":"","overlay-gradient":""},"tablet":{"background-color":"var(--ast-global-color-5)","background-image":"","background-repeat":"repeat","background-position":"center center","background-size":"auto","background-attachment":"scroll","background-type":"","background-media":"","overlay-type":"","overlay-color":"","overlay-opacity":"","overlay-gradient":""},"mobile":{"background-color":"var(--ast-global-color-5)","background-image":"","background-repeat":"repeat","background-position":"center center","background-size":"auto","background-attachment":"scroll","background-type":"","background-media":"","overlay-type":"","overlay-color":"","overlay-opacity":"","overlay-gradient":""}},"footnotes":""},"class_list":["post-316","page","type-page","status-publish","hentry"],"post_mailing_queue_ids":[],"_links":{"self":[{"href":"https:\/\/agora.xtec.cat\/afacmeridiana\/wp-json\/wp\/v2\/pages\/316","targetHints":{"allow":["GET"]}}],"collection":[{"href":"https:\/\/agora.xtec.cat\/afacmeridiana\/wp-json\/wp\/v2\/pages"}],"about":[{"href":"https:\/\/agora.xtec.cat\/afacmeridiana\/wp-json\/wp\/v2\/types\/page"}],"author":[{"embeddable":true,"href":"https:\/\/agora.xtec.cat\/afacmeridiana\/wp-json\/wp\/v2\/users\/1"}],"replies":[{"embeddable":true,"href":"https:\/\/agora.xtec.cat\/afacmeridiana\/wp-json\/wp\/v2\/comments?post=316"}],"version-history":[{"count":5,"href":"https:\/\/agora.xtec.cat\/afacmeridiana\/wp-json\/wp\/v2\/pages\/316\/revisions"}],"predecessor-version":[{"id":1594,"href":"https:\/\/agora.xtec.cat\/afacmeridiana\/wp-json\/wp\/v2\/pages\/316\/revisions\/1594"}],"up":[{"embeddable":true,"href":"https:\/\/agora.xtec.cat\/afacmeridiana\/wp-json\/wp\/v2\/pages\/286"}],"wp:attachment":[{"href":"https:\/\/agora.xtec.cat\/afacmeridiana\/wp-json\/wp\/v2\/media?parent=316"}],"curies":[{"name":"wp","href":"https:\/\/api.w.org\/{rel}","templated":true}]}}