{"id":2902,"date":"2026-07-09T23:24:38","date_gmt":"2026-07-09T21:24:38","guid":{"rendered":"https:\/\/agora.xtec.cat\/afa-ripolles\/?page_id=2902"},"modified":"2026-07-17T12:04:08","modified_gmt":"2026-07-17T10:04:08","slug":"llengua-catalana-i-castellana","status":"publish","type":"page","link":"https:\/\/agora.xtec.cat\/afa-ripolles\/ensenyaments\/llengua-catalana-i-castellana\/","title":{"rendered":"Llengua catalana i llengua castellana"},"content":{"rendered":"\n\n\n<div class=\"wp-block-getwid-tabs\" data-active-tab=\"0\"><ul class=\"wp-block-getwid-tabs__nav-links\"><\/ul>\n<div class=\"wp-block-getwid-tabs__nav-link\"><span class=\"wp-block-getwid-tabs__title-wrapper\"><a href=\"#\"><span class=\"wp-block-getwid-tabs__title\"><strong>Llengua catalana 1<\/strong><\/span><\/a><\/span><\/div><div class=\"wp-block-getwid-tabs__tab-content-wrapper\"><div class=\"wp-block-getwid-tabs__tab-content\">\n<p style=\"text-align: justify;\">Aquest ensenyament t\u00e9 com a objectiu que les persones adultes que ho necessitin assoleixin un grau de compet\u00e8ncia m\u00ednima per comunicar-se en llengua catalana. Aquest primer curs correspon al nivell A1 del MECR (Marc europeu com\u00fa de refer\u00e8ncia per a les lleng\u00fces).<\/p>\n\n\n\n<p style=\"text-align: justify;\">Poden accedir a aquests estudis les persones m\u00e9s grans de 18 anys i les que els compleixin durant l\u2019any natural en qu\u00e8 s\u2019inicia la formaci\u00f3. Per tal de situar l\u2019alumnat en el nivell que li correspon d\u2019acord amb les seves compet\u00e8ncies, en el moment de la preinscripci\u00f3 el centre li far\u00e0 una prova de nivell.<\/p>\n\n\n\n<h5 class=\"wp-block-heading\"><strong>Horari<\/strong><\/h5>\n\n\n\n<h6 class=\"wp-block-heading\">Curs intensiu<\/h6>\n\n\n\n<p>Dilluns, dimarts i dimecres de 16:30 a 18:30.<\/p>\n\n\n\n<h6 class=\"wp-block-heading\">Curs anual de mat\u00ed<\/h6>\n\n\n\n<p>Dimarts i dijous de 9:00 a 10:30.<\/p>\n\n\n\n<h6 class=\"wp-block-heading\">Curs anual de tarda<\/h6>\n\n\n\n<p>Dilluns i dimecres de 15:00 a 16:30.<\/p>\n\n\n\n<h5 class=\"wp-block-heading\"><strong>Durada del curs<\/strong><\/h5>\n\n\n\n<p>105 hores distribu\u00efdes de forma anual o semestral.<\/p>\n<\/div><\/div>\n\n\n\n<div class=\"wp-block-getwid-tabs__nav-link\"><span class=\"wp-block-getwid-tabs__title-wrapper\"><a href=\"#\"><span class=\"wp-block-getwid-tabs__title\"><strong>Llengua catalana 2<\/strong><\/span><\/a><\/span><\/div><div class=\"wp-block-getwid-tabs__tab-content-wrapper\"><div class=\"wp-block-getwid-tabs__tab-content\">\n<p style=\"text-align: justify;\">Aquest ensenyament t\u00e9 com a objectiu que les persones adultes que ho necessitin assoleixin un grau de compet\u00e8ncia m\u00ednima per comunicar-se en llengua catalana. Aquest segon curs correspon al nivell A2 del MECR (Marc europeu com\u00fa de refer\u00e8ncia per a les lleng\u00fces).<\/p>\n\n\n\n<p style=\"text-align: justify;\">Poden accedir a aquests estudis les persones m\u00e9s grans de 18 anys i les que els compleixin durant l\u2019any natural en qu\u00e8 s\u2019inicia la formaci\u00f3. Per tal de situar l\u2019alumnat en el nivell que li correspon d\u2019acord amb les seves compet\u00e8ncies, en el moment de la preinscripci\u00f3 el centre li far\u00e0 una prova de nivell.<\/p>\n\n\n\n<h5 class=\"wp-block-heading\"><strong>Horari<\/strong><\/h5>\n\n\n\n<p>Dilluns i dimecres de 16:30 a 18:30.<\/p>\n\n\n\n<h5 class=\"wp-block-heading\"><strong>Durada del curs<\/strong><\/h5>\n\n\n\n<p>140 hores anuals.<\/p>\n<\/div><\/div>\n\n\n\n<div class=\"wp-block-getwid-tabs__nav-link\"><span class=\"wp-block-getwid-tabs__title-wrapper\"><a href=\"#\"><span class=\"wp-block-getwid-tabs__title\"><strong>Llengua castellana 1<\/strong><\/span><\/a><\/span><\/div><div class=\"wp-block-getwid-tabs__tab-content-wrapper\"><div class=\"wp-block-getwid-tabs__tab-content\">\n<p style=\"text-align: justify;\">Aquest ensenyament t\u00e9 com a objectiu que les persones adultes que ho necessitin assoleixin un grau de compet\u00e8ncia m\u00ednima per comunicar-se en llengua castellana. Aquest primer curs correspon al nivell A1 del MECR (Marc europeu com\u00fa de refer\u00e8ncia per a les lleng\u00fces).<\/p>\n\n\n\n<p style=\"text-align: justify;\">Poden accedir a aquests estudis les persones m\u00e9s grans de 18 anys i les que els compleixin durant l\u2019any natural en qu\u00e8 s\u2019inicia la formaci\u00f3. Per tal de situar l\u2019alumnat en el nivell que li correspon d\u2019acord amb les seves compet\u00e8ncies, en el moment de la preinscripci\u00f3 el centre li far\u00e0 una prova de nivell.<\/p>\n\n\n\n<h5 class=\"wp-block-heading\"><strong>Horari<\/strong><\/h5>\n\n\n\n<p>Dilluns i dimecres de 15:00 a 16:30.<\/p>\n\n\n\n<h5 class=\"wp-block-heading\"><strong>Durada del curs<\/strong><\/h5>\n\n\n\n<p>105 hores anuals.<\/p>\n<\/div><\/div>\n<\/div>\n","protected":false},"excerpt":{"rendered":"","protected":false},"author":1,"featured_media":0,"parent":274,"menu_order":2,"comment_status":"closed","ping_status":"closed","template":"","meta":{"_bbp_topic_count":0,"_bbp_reply_count":0,"_bbp_total_topic_count":0,"_bbp_total_reply_count":0,"_bbp_voice_count":0,"_bbp_anonymous_reply_count":0,"_bbp_topic_count_hidden":0,"_bbp_reply_count_hidden":0,"_bbp_forum_subforum_count":0,"site-sidebar-layout":"default","site-content-layout":"","ast-site-content-layout":"default","site-content-style":"default","site-sidebar-style":"default","ast-global-header-display":"","ast-banner-title-visibility":"","ast-main-header-display":"","ast-hfb-above-header-display":"","ast-hfb-below-header-display":"","ast-hfb-mobile-header-display":"","site-post-title":"","ast-breadcrumbs-content":"","ast-featured-img":"","footer-sml-layout":"","theme-transparent-header-meta":"","adv-header-id-meta":"","stick-header-meta":"","header-above-stick-meta":"","header-main-stick-meta":"","header-below-stick-meta":"","astra-migrate-meta-layouts":"set","ast-page-background-enabled":"default","ast-page-background-meta":{"desktop":{"background-color":"var(--ast-global-color-4)","background-image":"","background-repeat":"repeat","background-position":"center center","background-size":"auto","background-attachment":"scroll","background-type":"","background-media":"","overlay-type":"","overlay-color":"","overlay-opacity":"","overlay-gradient":""},"tablet":{"background-color":"","background-image":"","background-repeat":"repeat","background-position":"center center","background-size":"auto","background-attachment":"scroll","background-type":"","background-media":"","overlay-type":"","overlay-color":"","overlay-opacity":"","overlay-gradient":""},"mobile":{"background-color":"","background-image":"","background-repeat":"repeat","background-position":"center center","background-size":"auto","background-attachment":"scroll","background-type":"","background-media":"","overlay-type":"","overlay-color":"","overlay-opacity":"","overlay-gradient":""}},"ast-content-background-meta":{"desktop":{"background-color":"var(--ast-global-color-5)","background-image":"","background-repeat":"repeat","background-position":"center center","background-size":"auto","background-attachment":"scroll","background-type":"","background-media":"","overlay-type":"","overlay-color":"","overlay-opacity":"","overlay-gradient":""},"tablet":{"background-color":"var(--ast-global-color-5)","background-image":"","background-repeat":"repeat","background-position":"center center","background-size":"auto","background-attachment":"scroll","background-type":"","background-media":"","overlay-type":"","overlay-color":"","overlay-opacity":"","overlay-gradient":""},"mobile":{"background-color":"var(--ast-global-color-5)","background-image":"","background-repeat":"repeat","background-position":"center center","background-size":"auto","background-attachment":"scroll","background-type":"","background-media":"","overlay-type":"","overlay-color":"","overlay-opacity":"","overlay-gradient":""}},"footnotes":""},"class_list":["post-2902","page","type-page","status-publish","hentry"],"post_mailing_queue_ids":[],"_links":{"self":[{"href":"https:\/\/agora.xtec.cat\/afa-ripolles\/wp-json\/wp\/v2\/pages\/2902","targetHints":{"allow":["GET"]}}],"collection":[{"href":"https:\/\/agora.xtec.cat\/afa-ripolles\/wp-json\/wp\/v2\/pages"}],"about":[{"href":"https:\/\/agora.xtec.cat\/afa-ripolles\/wp-json\/wp\/v2\/types\/page"}],"author":[{"embeddable":true,"href":"https:\/\/agora.xtec.cat\/afa-ripolles\/wp-json\/wp\/v2\/users\/1"}],"replies":[{"embeddable":true,"href":"https:\/\/agora.xtec.cat\/afa-ripolles\/wp-json\/wp\/v2\/comments?post=2902"}],"version-history":[{"count":6,"href":"https:\/\/agora.xtec.cat\/afa-ripolles\/wp-json\/wp\/v2\/pages\/2902\/revisions"}],"predecessor-version":[{"id":3277,"href":"https:\/\/agora.xtec.cat\/afa-ripolles\/wp-json\/wp\/v2\/pages\/2902\/revisions\/3277"}],"up":[{"embeddable":true,"href":"https:\/\/agora.xtec.cat\/afa-ripolles\/wp-json\/wp\/v2\/pages\/274"}],"wp:attachment":[{"href":"https:\/\/agora.xtec.cat\/afa-ripolles\/wp-json\/wp\/v2\/media?parent=2902"}],"curies":[{"name":"wp","href":"https:\/\/api.w.org\/{rel}","templated":true}]}}